 {"id":3351,"date":"2018-08-13T21:08:39","date_gmt":"2018-08-13T19:08:39","guid":{"rendered":"http:\/\/cgdauphine.fr\/wp-cgd\/?page_id=3351"},"modified":"2025-07-06T19:47:34","modified_gmt":"2025-07-06T17:47:34","slug":"groupe-trieves","status":"publish","type":"page","link":"https:\/\/cgdauphine.fr\/wp-cgd\/evenements\/groupes\/groupe-trieves\/","title":{"rendered":"Groupe Tri\u00e8ves"},"content":{"rendered":"\t\t<div data-elementor-type=\"wp-post\" data-elementor-id=\"3351\" class=\"elementor elementor-3351\">\n\t\t\t\t\t\t<div class=\"elementor-inner\">\n\t\t\t\t<div class=\"elementor-section-wrap\">\n\t\t\t\t\t\t\t\t\t<section class=\"elementor-section elementor-top-section elementor-element elementor-element-3d32280 elementor-section-boxed elementor-section-height-default elementor-section-height-default\" data-id=\"3d32280\" data-element_type=\"section\">\n\t\t\t\t\t\t<div class=\"elementor-container elementor-column-gap-default\">\n\t\t\t\t\t\t\t<div class=\"elementor-row\">\n\t\t\t\t\t<div class=\"elementor-column elementor-col-66 elementor-top-column elementor-element elementor-element-e3b16c3\" data-id=\"e3b16c3\" data-element_type=\"column\">\n\t\t\t<div class=\"elementor-column-wrap elementor-element-populated\">\n\t\t\t\t\t\t\t<div class=\"elementor-widget-wrap\">\n\t\t\t\t\t\t<div class=\"elementor-element elementor-element-5c92078c elementor-widget elementor-widget-heading\" data-id=\"5c92078c\" data-element_type=\"widget\" data-widget_type=\"heading.default\">\n\t\t\t\t<div class=\"elementor-widget-container\">\n\t\t\t<h2 class=\"elementor-heading-title elementor-size-default\"><h3>Activit\u00e9s<\/h3><\/h2>\t\t<\/div>\n\t\t\t\t<\/div>\n\t\t\t\t<div class=\"elementor-element elementor-element-64c5a31c elementor-widget elementor-widget-text-editor\" data-id=\"64c5a31c\" data-element_type=\"widget\" data-widget_type=\"text-editor.default\">\n\t\t\t\t<div class=\"elementor-widget-container\">\n\t\t\t\t\t\t\t\t<div class=\"elementor-text-editor elementor-clearfix\">\n\t\t\t\t<p>Chaque ann\u00e9e au printemps une journ\u00e9e g\u00e9n\u00e9alogique commune avec le groupe de Matheysine voisin est organis\u00e9e.<\/p>\t\t\t\t\t<\/div>\n\t\t\t\t\t\t<\/div>\n\t\t\t\t<\/div>\n\t\t\t\t<div class=\"elementor-element elementor-element-c4eee5e elementor-widget elementor-widget-shortcode\" data-id=\"c4eee5e\" data-element_type=\"widget\" data-widget_type=\"shortcode.default\">\n\t\t\t\t<div class=\"elementor-widget-container\">\n\t\t\t\t\t<div class=\"elementor-shortcode\">\n    <style>\n    a.type1:hover { color: #00000; }\n    .tooltip {\n        position: relative;\n        display: inline-block;\n        border-bottom: 1px ;\n        opacity: 1;\n        img {\n            position: relative;\n            z-index: 1;\n        }\n    }\n    \n    .tooltip .tooltiptext {\n        font-weight: bold;\n        visibility: hidden;\n        max-width: 400px;\n        min-width: 220px;\n        background-color: #f3f4aa;\n        border: 2px solid #aca9a9;\n        border-radius: 10px 0 10px 10px;\n        box-shaodw: 0 0 5px rgba(0,0,0,0.5);\n        position: absolute;\n        z-index: 2;\n        top: 100%;\n        margin: -5px -5px 0 0 ;\n        right: 100%;\n        transition: opacity 0.3s;\n        font-style: bold;\n        padding: 10px;\n        font-color: white;\n        text-align: left;\n    }\n    \n    .tooltiptext2 {\n        left: 100%;\n    }\n    \n    .tooltip:hover .tooltiptext {\n        visibility: visible;\n        opacity: 1;\n        font-style: bold;\n    }\n\n    table.bordurearrondie {\n        width: 100%;\n        border: 1px solid #42afbf;\n        box-shadow: 1px 1px 10px 1px #b5b6c2; \n        border-collapse: separate ;\n        border-radius: 0.5em\n    }\n            \n    <\/style><table style=\"width: 100%;\"><tbody><tr><td><table class=\"bordurearrondie\" ><tbody><tr><td><h4><big><strong>Rencontre Tri\u00e8ves\/Matheysine - 27 Juin<\/strong><\/big><\/h4><\/td><\/tr><tr><td>\n                <form name=\"article_groupe\" method=\"post\" action=\"\"> \n                <table style=\"width: 100%;\"><tbody><tr><td style=\"width: 15%; vertical-align: text-top;\"><img decoding=\"async\" src=\"https:\/\/cgdauphine.fr\/wp-cgd\/wp-content\/plugins\/cgd-member-management\/\/images\/no_image_64.png\"><\/td><td style=\"width: 85%;\"><ul>\r\n\t<li><em>Bonjour, Comme promis, voil&agrave; quelques pr&eacute;cisions concernant notre prochaine rencontre du mois de Juin 2026 <\/em><\/li>\r\n<\/ul>\r\n\r\n<h3><strong><em>Celle-ci se d&eacute;roulera le samedi 27 Juin &agrave; l&#39;Hotel Restaurant le MURTEL situ&eacute; &agrave; la Mure<\/em><\/strong><\/h3>\r\n\r\n<p><em><a href=\"https:\/\/www.hotel-murtel.com\/\" style=\"color:blue; text-decoration:underline\">https:\/\/www.hotel-murtel.com\/<\/a> Dans une dizaine de jours, nous vous transmettrons le(s) menu(s) propos&eacute;s par le restaurateur. D&#39;autre part nous pourrions avoir (&agrave; confirmer) un intervenant pour nous pr&eacute;senter l&#39;histoire de la cimenterie Pelloux &agrave; Pont du Pr&ecirc;tre Vous pouvez d&egrave;s &agrave; nous indiquer si vous pr&eacute;voyez d&#39;&ecirc;tre pr&eacute;sents. <\/em><\/p>\r\n\r\n<p><em>Bien Amicalement Marcel Vieux, Jean Pierre Escallon, Catherine et Alain Sonzogni &nbsp;<\/em><\/p>\r\n<\/td><\/tr><\/tbody><\/table><\/form><\/td><\/tr><\/tbody><\/table><\/form><h4><big><strong>Prochaine rencontre  Tri\u00e8ves - Matheysine<\/strong><\/big><\/h4><\/td><\/tr><tr><td>\n                <form name=\"article_groupe\" method=\"post\" action=\"\"> \n                <table style=\"width: 100%;\"><tbody><tr><td style=\"width: 15%; vertical-align: text-top;\"><img decoding=\"async\" src=\"https:\/\/cgdauphine.fr\/wp-cgd\/wp-content\/plugins\/cgd-member-management\/\/images\/no_image_64.png\"><\/td><td style=\"width: 85%;\"><p>Ci-apr&egrave;s le message envoy&eacute; aux adh&eacute;rents identifi&eacute;s comme ayant des anc&ecirc;tres dans le Tri&egrave;ves et la Matheysine. Si vous &ecirc;tes int&eacute;ress&eacute;(e)&nbsp;et n&#39;avez pas &eacute;t&eacute; destinaire du message, merci de voius faire connaitre aupr&egrave;s de Alain SONZOGNI afin de vous int&eacute;grer dans la,liste de diffusion.<\/p>\r\n\r\n<p>Bien amicalement<br \/>\r\nAlain<\/p>\r\n\r\n<p><strong>Message :<\/strong><\/p>\r\n\r\n<p>Chers ami(e)s g&eacute;n&eacute;alogistes du Tri&egrave;ves et de la Matheysine, Le mois de juin arrive &agrave; grands pas et vous deviez vous demander si une rencontre aurait lieu cette ann&eacute;e \ud83d\ude42<br \/>\r\nRassurez-vous, nous n&#39;allons pas changer la tradition d&#39;un groupe qui existe depuis 1998 et dont les membres ont toujours eu du plaisir de se retrouver.<br \/>\r\nCette ann&eacute;e, une belle nouveaut&eacute;, nos amis de la Matheysine, Marcel Vieux et Jean Pierre Escallon nous proposent de se retrouver sur leur territoire.<br \/>\r\nLa date n&#39;est pas totalement finalis&eacute;e du fait des contraintes d&#39;accueil, restauration et intervenant mais ce&nbsp;sera le 6, 13 ou 27 juin et nous vous tiendrons rapidement inform&eacute;s.<br \/>\r\nA tr&egrave;s bient&ocirc;t pour une date et lieu, le programme et bien entendu le menu !<br \/>\r\nBien amicalement<br \/>\r\nMarcel, Jean Pierre, Cathy et Alain<\/p>\r\n<\/td><\/tr><\/tbody><\/table><\/form><h4><big><strong>Max nous a quitt\u00e9....<\/strong><\/big><\/h4><\/td><\/tr><tr><td>\n                <form name=\"article_groupe\" method=\"post\" action=\"\"> \n                <table style=\"width: 100%;\"><tbody><tr><td style=\"width: 15%; vertical-align: text-top;\"><img decoding=\"async\" src=\"https:\/\/cgdauphine.fr\/wp-cgd\/wp-content\/plugins\/cgd-member-management\/\/images\/no_image_64.png\"><\/td><td style=\"width: 85%;\"><p>Nous avons la tristesse de vous faire part du d&eacute;c&egrave;s de Maxime VILLE<br \/>\r\nAdh&eacute;rent de longue date du CGD, tr&egrave;s discret, il avait fait de nombreux relev&eacute;s BMS sur le Tri&egrave;ves et s&rsquo;&eacute;tait particuli&egrave;rement impliqu&eacute; dans les relev&eacute;s de cimeti&egrave;res.<\/p>\r\n\r\n<p>Nous avons une pens&eacute;e particuli&egrave;re pour Danie son &eacute;pouse<\/p>\r\n<\/td><\/tr><\/tbody><\/table><\/form><\/td><\/tr><\/tbody><\/table><br><br><center><a class=\"cgd-btn\" style=\"width: 320px; height: 30px;\" href=\"archives-groupe\">Voir les archives d'actualit\u00e9s de plus de 4 mois<\/a><\/center><\/div>\n\t\t\t\t<\/div>\n\t\t\t\t<\/div>\n\t\t\t\t\t\t<\/div>\n\t\t\t\t\t<\/div>\n\t\t<\/div>\n\t\t\t\t<div class=\"elementor-column elementor-col-33 elementor-top-column elementor-element elementor-element-a8a0473\" data-id=\"a8a0473\" data-element_type=\"column\">\n\t\t\t<div class=\"elementor-column-wrap elementor-element-populated\">\n\t\t\t\t\t\t\t<div class=\"elementor-widget-wrap\">\n\t\t\t\t\t\t<div class=\"elementor-element elementor-element-63d69020 elementor-widget elementor-widget-heading\" data-id=\"63d69020\" data-element_type=\"widget\" data-widget_type=\"heading.default\">\n\t\t\t\t<div class=\"elementor-widget-container\">\n\t\t\t<h2 class=\"elementor-heading-title elementor-size-default\"><h3>Pr\u00e9sentation<\/h3><\/h2>\t\t<\/div>\n\t\t\t\t<\/div>\n\t\t\t\t<div class=\"elementor-element elementor-element-3fb79f18 elementor-widget elementor-widget-text-editor\" data-id=\"3fb79f18\" data-element_type=\"widget\" data-widget_type=\"text-editor.default\">\n\t\t\t\t<div class=\"elementor-widget-container\">\n\t\t\t\t\t\t\t\t<div class=\"elementor-text-editor elementor-clearfix\">\n\t\t\t\t<p>Ce groupe local du CGD cr\u00e9\u00e9 1998,<br \/><img decoding=\"async\" loading=\"lazy\" class=\"wp-image-3447 aligncenter\" src=\"https:\/\/cgdauphine.fr\/wp-cgd\/wp-content\/uploads\/2018\/08\/fond_documentaire_trievois_mens-300x201.jpg\" alt=\"\" width=\"387\" height=\"259\" srcset=\"https:\/\/cgdauphine.fr\/wp-cgd\/wp-content\/uploads\/2018\/08\/fond_documentaire_trievois_mens-300x201.jpg 300w, https:\/\/cgdauphine.fr\/wp-cgd\/wp-content\/uploads\/2018\/08\/fond_documentaire_trievois_mens-768x514.jpg 768w, https:\/\/cgdauphine.fr\/wp-cgd\/wp-content\/uploads\/2018\/08\/fond_documentaire_trievois_mens-400x268.jpg 400w, https:\/\/cgdauphine.fr\/wp-cgd\/wp-content\/uploads\/2018\/08\/fond_documentaire_trievois_mens.jpg 800w\" sizes=\"(max-width: 387px) 100vw, 387px\" \/><\/p><p>\u00a0<\/p>\t\t\t\t\t<\/div>\n\t\t\t\t\t\t<\/div>\n\t\t\t\t<\/div>\n\t\t\t\t<div class=\"elementor-element elementor-element-defb736 elementor-widget elementor-widget-text-editor\" data-id=\"defb736\" data-element_type=\"widget\" data-settings=\"{&quot;motion_fx_motion_fx_scrolling&quot;:&quot;yes&quot;,&quot;motion_fx_range&quot;:&quot;viewport&quot;,&quot;sticky&quot;:&quot;top&quot;,&quot;sticky_offset&quot;:60,&quot;motion_fx_devices&quot;:[&quot;desktop&quot;,&quot;tablet&quot;,&quot;mobile&quot;],&quot;sticky_on&quot;:[&quot;desktop&quot;,&quot;tablet&quot;,&quot;mobile&quot;],&quot;sticky_effects_offset&quot;:0}\" data-widget_type=\"text-editor.default\">\n\t\t\t\t<div class=\"elementor-widget-container\">\n\t\t\t\t\t\t\t\t<div class=\"elementor-text-editor elementor-clearfix\">\n\t\t\t\t<p><strong><img decoding=\"async\" loading=\"lazy\" class=\"alignnone size-full wp-image-2456\" src=\"https:\/\/cgdauphine.fr\/wp-cgd\/wp-content\/uploads\/2018\/07\/calendrier18.png\" alt=\"\" width=\"18\" height=\"18\" \/><\/strong>\u00a0Accueil <span style=\"color: #ff0000;\"><strong>uniquement sur rendez-vous<\/strong> <\/span>pris directement aupr\u00e8s des animateurs ou \u00e0 l\u2019accueil du Fonds documentaire Tri\u00e9vois.<\/p><p><img decoding=\"async\" loading=\"lazy\" class=\"alignnone size-full wp-image-2454\" src=\"https:\/\/cgdauphine.fr\/wp-cgd\/wp-content\/uploads\/2018\/07\/Lieu18.png\" alt=\"\" width=\"18\" height=\"18\" \/>\u00a0Mens dans une salle aimablement mise \u00e0 disposition par le Fonds documentaire Trievois,<\/p><h4><img decoding=\"async\" loading=\"lazy\" class=\"alignnone size-full wp-image-2451\" src=\"https:\/\/cgdauphine.fr\/wp-cgd\/wp-content\/uploads\/2018\/07\/User18.png\" alt=\"\" width=\"18\" height=\"18\" \/>\u00a0Alain et Catherine Sonzogni<\/h4><p><img decoding=\"async\" loading=\"lazy\" class=\"alignnone size-full wp-image-2447\" src=\"https:\/\/cgdauphine.fr\/wp-cgd\/wp-content\/uploads\/2018\/07\/phone18.png\" alt=\"\" width=\"18\" height=\"18\" \/><img decoding=\"async\" loading=\"lazy\" class=\" wp-image-3453 alignright\" src=\"https:\/\/cgdauphine.fr\/wp-cgd\/wp-content\/uploads\/2018\/08\/sonzogni_alain_et_catherine-300x209.jpg\" sizes=\"(max-width: 138px) 100vw, 138px\" srcset=\"https:\/\/cgdauphine.fr\/wp-cgd\/wp-content\/uploads\/2018\/08\/sonzogni_alain_et_catherine-300x209.jpg 300w, https:\/\/cgdauphine.fr\/wp-cgd\/wp-content\/uploads\/2018\/08\/sonzogni_alain_et_catherine.jpg 381w\" alt=\"\" width=\"138\" height=\"96\" \/>06.81.22.69.55<\/p><p>ou 06.85.72.47.59<br \/><img decoding=\"async\" loading=\"lazy\" class=\"alignnone size-full wp-image-2445\" src=\"https:\/\/cgdauphine.fr\/wp-cgd\/wp-content\/uploads\/2018\/07\/email18.png\" alt=\"\" width=\"18\" height=\"18\" \/>\u00a0<a href=\"https:\/\/www.cgdauphine.fr\/contact?raison=groupe-trieves\"><strong>contacter un responsable<\/strong><\/a><\/p>\t\t\t\t\t<\/div>\n\t\t\t\t\t\t<\/div>\n\t\t\t\t<\/div>\n\t\t\t\t<div class=\"elementor-element elementor-element-b3c6c60 elementor-widget elementor-widget-shortcode\" data-id=\"b3c6c60\" data-element_type=\"widget\" data-settings=\"{&quot;motion_fx_motion_fx_scrolling&quot;:&quot;yes&quot;,&quot;motion_fx_range&quot;:&quot;viewport&quot;,&quot;sticky&quot;:&quot;top&quot;,&quot;sticky_offset&quot;:360,&quot;motion_fx_devices&quot;:[&quot;desktop&quot;,&quot;tablet&quot;,&quot;mobile&quot;],&quot;sticky_on&quot;:[&quot;desktop&quot;,&quot;tablet&quot;,&quot;mobile&quot;],&quot;sticky_effects_offset&quot;:0}\" data-widget_type=\"shortcode.default\">\n\t\t\t\t<div class=\"elementor-widget-container\">\n\t\t\t<script src=\"https:\/\/code.jquery.com\/jquery-3.7.1.js\"><\/script>\n        <script src=\"https:\/\/code.jquery.com\/ui\/1.13.3\/jquery-ui.js\"><\/script>\n        <script\n        src=\"https:\/\/cdn.jsdelivr.net\/gh\/dubrox\/Multiple-Dates-Picker-for-jQuery-UI@master\/jquery-ui.multidatespicker.js\"><\/script>\n\n        <link rel=\"stylesheet\" href=\"https:\/\/code.jquery.com\/ui\/1.13.3\/themes\/smoothness\/jquery-ui.css\">\n        <style>\n\n        #datePickTweaked.input {\n            width: 300px;\n            padding: 7px;\n        }\n\n        .ui-state-highlight {\n            border: 0 !important;\n        }\n\n        .ui-state-highlight a {\n            background: blue !important;\n            color: #fff !important;\n        }\n        <\/style>\n    <style>            \n        div.cgd_calendar {\n            position: relative;\n            width: 3.5em;\n            font-weight: bold;\n            display: inline-block;\n            border-bottom: 1px ;\n        } \n        .cgd_calendar_desactive {\n            background-color : #C0C0C090 ; \n        }           \n        span.cgd_calendar_mois {            \n            font-family: Verdana, sans-serif;\n            font-size: 0.7em; \n            display: block;\n            position: relative;\n            text-align: center;\n            color: white;\n            border-radius: 0.6em;\n            overflow: hidden;\n        }            \n        span.cgd_calendar_jour {\n            font-size: 2em; \n            display: block;\n            position: relative;\n            background-color: white;\n            color: black;\n            overflow: hidden;\n        }            \n        span.cgd_calendar_jour_semaine {\n            font-size: 0.4em; \n            font-weight: normal;\n            text-align: center;\n            display: block;\n            position: relative;\n            background-color: whiite;\n            overflow: hidden;\n        }\n        span.cgd_calendar_annee {\n            font-size: 1.3em; \n            display: block;\n            font-weight: bold;\n            color: #3A3B3C;\n            position: relative;\n            background-color: lightgrey;\n            overflow: hidden;\n        }   \n        div.cgd_calendar_box {\n            position: relative;\n            width: 100%;\n            display: inline-block;\n            border-style: solid;\n            border-width: 2px;\n            border-color: #4186c0;\n            border-radius: 0.5em;\n        }\n        span.cgd_calendar_nom {\n            font-weight: bold;\n            font-size: 1.1em; \n            color: darkblue; \n            margin: .4em;\n        }\n        span.cgd_calendar_horaire {\n            font-weight: normal;\n            text-align: right;\n        } \n        span.cgd_calendar_mois_bleu {  \n            background-color: blue;\n        }\n        span.cgd_calendar_mois_rouge {  \n            background-color: red;\n        }\n        span.cgd_calendar_mois_orange {  \n            background-color: orange;\n        }\n        span.cgd_calendar_mois_jaune {  \n            background-color: yellow;\n        }\n        span.cgd_calendar_mois_vert {  \n            background-color: green;\n        }\n        span.cgd_calendar_mois_noir {  \n            background-color: black;\n        } \n        a.cgd-btn {\n            display: block;\n            width: 30em;\n            height: 30px;\n            padding: 3px;\n            line-height: 20px;\n            background: #898989;\n            text-align: center;\n            vertical-align: center;\n            border-radius: 5px;\n            color: white;\n            font-weight: 500;\n            font-size: 13px ;\n            font-weight: bold;\n            border: solid black 1px;\n            box-shadow: 3px 3px 10px 0px rgba(9, 7, 7, 0.5);\n        } \n        .tooltip {\n            position: relative;\n            display: inline-block;\n            border-bottom: 1px ;\n            opacity: 1;\n            img {\n                position: relative;\n                z-index: 1;\n            }\n        } \n        .tooltip .tooltiptext {\n            visibility: hidden;\n            width: 1200%;\n            background-color: #1E5073;\n            border: 1px solid #000000;\n            border-radius: 0 10px 10px 10px;\n            box-shaodw: 0 0 5px rgba(0,0,0,0.5);\n            position: absolute;\n            z-index: 2;\n            top: 120%;\n            margin: -5px -5px 0 0 ;\n            \n            transition: opacity 0.3s;\n            padding: 5px;\n            font-size: 1.1em;\n            font-weight: bold;\n            color: white;\n            text-align: center;\n        }\n        .tooltip_desactive .tooltiptext_desactive {\n            visibility: hidden;\n            width: 95%;\n            background-color : red ;  \n            border: 1px solid #000000;\n            border-radius: 0 10px 10px 10px;\n            box-shaodw: 0 0 5px rgba(0,0,0,0.5);\n            position: absolute;\n            z-index: 2;\n            top: 120%;\n            margin: -5px -5px 0 0 ;\n            left: 20px;\n            transition: opacity 0.3s;\n            padding: 5px;\n            font-size: 1.1em;\n            font-weight: bold;\n            color: white;\n            text-align: center;\n        }\n        .tooltip_responsable .tooltiptext_responsable {\n            visibility: hidden;\n            width: 90%;\n            border: 1px solid #000000;\n            border-radius: 0 10px 10px 10px;\n            box-shaodw: 0 0 5px rgba(0,0,0,0.5);\n            position: absolute;\n            z-index: 2;\n            top: 100%;\n            margin: -5px -5px 0 0 ;\n            left: -0px;\n            transition: opacity 0.3s;\n            padding: 5px;\n            font-size: 1.2em;\n            font-weight: bold;\n            text-align: center;\n            background-color : yellow ; \n            color : black ; \n        }\n        .tooltip:hover .tooltiptext {\n            visibility: visible;\n            opacity: 1;\n            font-style: bold;\n        }\n        .tooltip_desactive:hover .tooltiptext_desactive {\n            visibility: visible;\n            opacity: 1;\n            font-style: bold;\n        }\n        .tooltip_responsable:hover .tooltiptext_responsable {\n            visibility: visible;\n            opacity: 1;\n            font-style: bold;\n        }\n        div.gestiongroupes {\n            background-color: #03fee7;\n            border:1px solid black;\n            border-radius: 4px;\n        }\n    <\/style>\t\t<div class=\"elementor-shortcode\"><\/div>\n\t\t\t\t<\/div>\n\t\t\t\t<\/div>\n\t\t\t\t<div class=\"elementor-element elementor-element-e090088 elementor-widget elementor-widget-heading\" data-id=\"e090088\" data-element_type=\"widget\" data-widget_type=\"heading.default\">\n\t\t\t\t<div class=\"elementor-widget-container\">\n\t\t\t<h2 class=\"elementor-heading-title elementor-size-default\"><h3>Prochains \u00e9v\u00e8nements<\/h3><\/h2>\t\t<\/div>\n\t\t\t\t<\/div>\n\t\t\t\t<div class=\"elementor-element elementor-element-85c2b90 elementor-widget elementor-widget-shortcode\" data-id=\"85c2b90\" data-element_type=\"widget\" data-widget_type=\"shortcode.default\">\n\t\t\t\t<div class=\"elementor-widget-container\">\n\t\t\t\t\t<div class=\"elementor-shortcode\"><img decoding=\"async\" src=\"https:\/\/cgdauphine.fr\/wp-cgd\/wp-content\/plugins\/cgd-member-management\/\/images\/calendrier18.png\"> Aucun \u00e9v\u00e8nement pr\u00e9vu pour le moment.<\/div>\n\t\t\t\t<\/div>\n\t\t\t\t<\/div>\n\t\t\t\t<div class=\"elementor-element elementor-element-98c325c elementor-widget elementor-widget-text-editor\" data-id=\"98c325c\" data-element_type=\"widget\" data-widget_type=\"text-editor.default\">\n\t\t\t\t<div class=\"elementor-widget-container\">\n\t\t\t\t\t\t\t\t<div class=\"elementor-text-editor elementor-clearfix\">\n\t\t\t\t<h3 style=\"text-align: center;\"><span style=\"color: #ff0000;\">Sur rendez-vous uniquement<\/span><\/h3><h3 style=\"text-align: center;\"><span style=\"color: #ff0000;\"><strong>+<\/strong><\/span><\/h3><h3 style=\"text-align: center;\"><span style=\"color: #ff0000;\">UNE rencontre annuelle en juin.<\/span><\/h3>\t\t\t\t\t<\/div>\n\t\t\t\t\t\t<\/div>\n\t\t\t\t<\/div>\n\t\t\t\t\t\t<\/div>\n\t\t\t\t\t<\/div>\n\t\t<\/div>\n\t\t\t\t\t\t\t\t<\/div>\n\t\t\t\t\t<\/div>\n\t\t<\/section>\n\t\t\t\t\t\t\t\t\t<\/div>\n\t\t\t<\/div>\n\t\t\t\t\t<\/div>\n\t\t","protected":false},"excerpt":{"rendered":"<p>Activit\u00e9s Chaque ann\u00e9e au printemps une journ\u00e9e g\u00e9n\u00e9alogique commune avec le groupe de Matheysine voisin est organis\u00e9e. Pr\u00e9sentation Ce groupe local du CGD cr\u00e9\u00e9 1998, \u00a0 \u00a0Accueil uniquement sur rendez-vous pris directement aupr\u00e8s des animateurs ou \u00e0 l\u2019accueil du Fonds documentaire Tri\u00e9vois. \u00a0Mens dans une salle aimablement mise \u00e0 disposition par le Fonds documentaire Trievois, \u00a0Alain et Catherine Sonzogni 06.81.22.69.55 [&hellip;]<\/p>\n","protected":false},"author":1,"featured_media":0,"parent":197,"menu_order":0,"comment_status":"closed","ping_status":"closed","template":"tpl-full-width.php","meta":[],"_links":{"self":[{"href":"https:\/\/cgdauphine.fr\/wp-cgd\/wp-json\/wp\/v2\/pages\/3351"}],"collection":[{"href":"https:\/\/cgdauphine.fr\/wp-cgd\/wp-json\/wp\/v2\/pages"}],"about":[{"href":"https:\/\/cgdauphine.fr\/wp-cgd\/wp-json\/wp\/v2\/types\/page"}],"author":[{"embeddable":true,"href":"https:\/\/cgdauphine.fr\/wp-cgd\/wp-json\/wp\/v2\/users\/1"}],"replies":[{"embeddable":true,"href":"https:\/\/cgdauphine.fr\/wp-cgd\/wp-json\/wp\/v2\/comments?post=3351"}],"version-history":[{"count":30,"href":"https:\/\/cgdauphine.fr\/wp-cgd\/wp-json\/wp\/v2\/pages\/3351\/revisions"}],"predecessor-version":[{"id":27495,"href":"https:\/\/cgdauphine.fr\/wp-cgd\/wp-json\/wp\/v2\/pages\/3351\/revisions\/27495"}],"up":[{"embeddable":true,"href":"https:\/\/cgdauphine.fr\/wp-cgd\/wp-json\/wp\/v2\/pages\/197"}],"wp:attachment":[{"href":"https:\/\/cgdauphine.fr\/wp-cgd\/wp-json\/wp\/v2\/media?parent=3351"}],"curies":[{"name":"wp","href":"https:\/\/api.w.org\/{rel}","templated":true}]}}