 {"id":2638,"date":"2018-08-02T11:21:18","date_gmt":"2018-08-02T09:21:18","guid":{"rendered":"http:\/\/cgdauphine.fr\/wp-cgd\/?page_id=2638"},"modified":"2024-10-11T10:51:00","modified_gmt":"2024-10-11T08:51:00","slug":"groupe-haut-gresivaudan","status":"publish","type":"page","link":"https:\/\/cgdauphine.fr\/wp-cgd\/evenements\/groupes\/groupe-haut-gresivaudan\/","title":{"rendered":"Groupe Haut-Gresivaudan"},"content":{"rendered":"\t\t<div data-elementor-type=\"wp-post\" data-elementor-id=\"2638\" class=\"elementor elementor-2638\">\n\t\t\t\t\t\t<div class=\"elementor-inner\">\n\t\t\t\t<div class=\"elementor-section-wrap\">\n\t\t\t\t\t\t\t\t\t<section class=\"elementor-section elementor-top-section elementor-element elementor-element-519858e elementor-section-boxed elementor-section-height-default elementor-section-height-default\" data-id=\"519858e\" data-element_type=\"section\">\n\t\t\t\t\t\t<div class=\"elementor-container elementor-column-gap-default\">\n\t\t\t\t\t\t\t<div class=\"elementor-row\">\n\t\t\t\t\t<div class=\"elementor-column elementor-col-66 elementor-top-column elementor-element elementor-element-de7e80b\" data-id=\"de7e80b\" data-element_type=\"column\">\n\t\t\t<div class=\"elementor-column-wrap elementor-element-populated\">\n\t\t\t\t\t\t\t<div class=\"elementor-widget-wrap\">\n\t\t\t\t\t\t<div class=\"elementor-element elementor-element-704670ac elementor-widget elementor-widget-heading\" data-id=\"704670ac\" data-element_type=\"widget\" data-widget_type=\"heading.default\">\n\t\t\t\t<div class=\"elementor-widget-container\">\n\t\t\t<h2 class=\"elementor-heading-title elementor-size-default\"><h3>Activit\u00e9s<\/h3><\/h2>\t\t<\/div>\n\t\t\t\t<\/div>\n\t\t\t\t<div class=\"elementor-element elementor-element-1dbc367 elementor-widget elementor-widget-shortcode\" data-id=\"1dbc367\" data-element_type=\"widget\" data-widget_type=\"shortcode.default\">\n\t\t\t\t<div class=\"elementor-widget-container\">\n\t\t\t\t\t<div class=\"elementor-shortcode\">\n    <style>\n    a.type1:hover { color: #00000; }\n    .tooltip {\n        position: relative;\n        display: inline-block;\n        border-bottom: 1px ;\n        opacity: 1;\n        img {\n            position: relative;\n            z-index: 1;\n        }\n    }\n    \n    .tooltip .tooltiptext {\n        font-weight: bold;\n        visibility: hidden;\n        max-width: 400px;\n        min-width: 220px;\n        background-color: #f3f4aa;\n        border: 2px solid #aca9a9;\n        border-radius: 10px 0 10px 10px;\n        box-shaodw: 0 0 5px rgba(0,0,0,0.5);\n        position: absolute;\n        z-index: 2;\n        top: 100%;\n        margin: -5px -5px 0 0 ;\n        right: 100%;\n        transition: opacity 0.3s;\n        font-style: bold;\n        padding: 10px;\n        font-color: white;\n        text-align: left;\n    }\n    \n    .tooltiptext2 {\n        left: 100%;\n    }\n    \n    .tooltip:hover .tooltiptext {\n        visibility: visible;\n        opacity: 1;\n        font-style: bold;\n    }\n\n    table.bordurearrondie {\n        width: 100%;\n        border: 1px solid #42afbf;\n        box-shadow: 1px 1px 10px 1px #b5b6c2; \n        border-collapse: separate ;\n        border-radius: 0.5em\n    }\n            \n    <\/style><table style=\"width: 100%;\"><tbody><tr><td><\/td><\/tr><\/tbody><\/table><br><br><center><a class=\"cgd-btn\" style=\"width: 320px; height: 30px;\" href=\"archives-groupe\">Voir les archives d'actualit\u00e9s de plus de 4 mois<\/a><\/center><\/div>\n\t\t\t\t<\/div>\n\t\t\t\t<\/div>\n\t\t\t\t\t\t<\/div>\n\t\t\t\t\t<\/div>\n\t\t<\/div>\n\t\t\t\t<div class=\"elementor-column elementor-col-33 elementor-top-column elementor-element elementor-element-5a1425e\" data-id=\"5a1425e\" data-element_type=\"column\">\n\t\t\t<div class=\"elementor-column-wrap elementor-element-populated\">\n\t\t\t\t\t\t\t<div class=\"elementor-widget-wrap\">\n\t\t\t\t\t\t<div class=\"elementor-element elementor-element-23c77e65 elementor-widget elementor-widget-heading\" data-id=\"23c77e65\" data-element_type=\"widget\" data-widget_type=\"heading.default\">\n\t\t\t\t<div class=\"elementor-widget-container\">\n\t\t\t<h2 class=\"elementor-heading-title elementor-size-default\"><h3>Pr\u00e9sentation<\/h3><\/h2>\t\t<\/div>\n\t\t\t\t<\/div>\n\t\t\t\t<div class=\"elementor-element elementor-element-368cb69e elementor-widget elementor-widget-text-editor\" data-id=\"368cb69e\" data-element_type=\"widget\" data-widget_type=\"text-editor.default\">\n\t\t\t\t<div class=\"elementor-widget-container\">\n\t\t\t\t\t\t\t\t<div class=\"elementor-text-editor elementor-clearfix\">\n\t\t\t\t<p>Ce groupe local du CGD,cr\u00e9\u00e9 en janvier 2008 \u00e0 Chapareillan, tient maintenant ses r\u00e9unions \u00e0 Champs-pr\u00e8s-Froges.<\/p><p><img decoding=\"async\" loading=\"lazy\" class=\"size-medium wp-image-2704 aligncenter\" src=\"http:\/\/cgdauphine.fr\/wp-cgd\/wp-content\/uploads\/2018\/08\/chapareillan_panoramique-300x76.png\" alt=\"\" width=\"300\" height=\"76\" srcset=\"https:\/\/cgdauphine.fr\/wp-cgd\/wp-content\/uploads\/2018\/08\/chapareillan_panoramique-300x76.png 300w, https:\/\/cgdauphine.fr\/wp-cgd\/wp-content\/uploads\/2018\/08\/chapareillan_panoramique-768x195.png 768w, https:\/\/cgdauphine.fr\/wp-cgd\/wp-content\/uploads\/2018\/08\/chapareillan_panoramique-400x102.png 400w, https:\/\/cgdauphine.fr\/wp-cgd\/wp-content\/uploads\/2018\/08\/chapareillan_panoramique.png 800w\" sizes=\"(max-width: 300px) 100vw, 300px\" \/><\/p><p style=\"text-align: right;\"><a href=\"http:\/\/www.lechamppresfroges.fr\/\" target=\"_blank\" rel=\"noopener\"><strong>Voir le site officiel de la mairie<\/strong><\/a><\/p>\t\t\t\t\t<\/div>\n\t\t\t\t\t\t<\/div>\n\t\t\t\t<\/div>\n\t\t\t\t<div class=\"elementor-element elementor-element-9f06d19 elementor-widget elementor-widget-text-editor\" data-id=\"9f06d19\" data-element_type=\"widget\" data-settings=\"{&quot;motion_fx_motion_fx_scrolling&quot;:&quot;yes&quot;,&quot;motion_fx_range&quot;:&quot;viewport&quot;,&quot;sticky&quot;:&quot;top&quot;,&quot;sticky_offset&quot;:60,&quot;motion_fx_devices&quot;:[&quot;desktop&quot;,&quot;tablet&quot;,&quot;mobile&quot;],&quot;sticky_on&quot;:[&quot;desktop&quot;,&quot;tablet&quot;,&quot;mobile&quot;],&quot;sticky_effects_offset&quot;:0}\" data-widget_type=\"text-editor.default\">\n\t\t\t\t<div class=\"elementor-widget-container\">\n\t\t\t\t\t\t\t\t<div class=\"elementor-text-editor elementor-clearfix\">\n\t\t\t\t<p><img decoding=\"async\" loading=\"lazy\" class=\"alignnone size-full wp-image-2456\" src=\"https:\/\/cgdauphine.fr\/wp-cgd\/wp-content\/uploads\/2018\/07\/calendrier18.png\" alt=\"\" width=\"18\" height=\"18\" \/>Permanence le 1<sup>er<\/sup> jeudi de chaque mois (sauf exception) de 14h00 \u00e0 18h00<\/p><p><img decoding=\"async\" loading=\"lazy\" class=\"alignnone size-full wp-image-2454\" src=\"https:\/\/cgdauphine.fr\/wp-cgd\/wp-content\/uploads\/2018\/07\/Lieu18.png\" alt=\"\" width=\"18\" height=\"18\" \/> LE CHAMP PRES FROGES, annexe de la mairie, rue de la R\u00e9publique.<\/p><h4><img decoding=\"async\" loading=\"lazy\" class=\"alignnone size-full wp-image-2451\" src=\"https:\/\/cgdauphine.fr\/wp-cgd\/wp-content\/uploads\/2018\/07\/User18.png\" alt=\"\" width=\"18\" height=\"18\" \/> Jean-No\u00ebl Prost<\/h4><p><img decoding=\"async\" loading=\"lazy\" class=\"alignnone size-full wp-image-2445\" src=\"https:\/\/cgdauphine.fr\/wp-cgd\/wp-content\/uploads\/2018\/07\/email18.png\" alt=\"\" width=\"18\" height=\"18\" \/><a href=\"https:\/\/www.cgdauphine.fr\/contact?raison=groupe-haut-gresivaudan\"><strong>contacter un responsable<\/strong><\/a><\/p>\t\t\t\t\t<\/div>\n\t\t\t\t\t\t<\/div>\n\t\t\t\t<\/div>\n\t\t\t\t<div class=\"elementor-element elementor-element-153c105 elementor-widget elementor-widget-shortcode\" data-id=\"153c105\" data-element_type=\"widget\" data-settings=\"{&quot;motion_fx_motion_fx_scrolling&quot;:&quot;yes&quot;,&quot;motion_fx_range&quot;:&quot;viewport&quot;,&quot;sticky&quot;:&quot;top&quot;,&quot;sticky_offset&quot;:250,&quot;motion_fx_devices&quot;:[&quot;desktop&quot;,&quot;tablet&quot;,&quot;mobile&quot;],&quot;sticky_on&quot;:[&quot;desktop&quot;,&quot;tablet&quot;,&quot;mobile&quot;],&quot;sticky_effects_offset&quot;:0}\" data-widget_type=\"shortcode.default\">\n\t\t\t\t<div class=\"elementor-widget-container\">\n\t\t\t<script src=\"https:\/\/code.jquery.com\/jquery-3.7.1.js\"><\/script>\n        <script src=\"https:\/\/code.jquery.com\/ui\/1.13.3\/jquery-ui.js\"><\/script>\n        <script\n        src=\"https:\/\/cdn.jsdelivr.net\/gh\/dubrox\/Multiple-Dates-Picker-for-jQuery-UI@master\/jquery-ui.multidatespicker.js\"><\/script>\n\n        <link rel=\"stylesheet\" href=\"https:\/\/code.jquery.com\/ui\/1.13.3\/themes\/smoothness\/jquery-ui.css\">\n        <style>\n\n        #datePickTweaked.input {\n            width: 300px;\n            padding: 7px;\n        }\n\n        .ui-state-highlight {\n            border: 0 !important;\n        }\n\n        .ui-state-highlight a {\n            background: blue !important;\n            color: #fff !important;\n        }\n        <\/style>\n    <style>            \n        div.cgd_calendar {\n            position: relative;\n            width: 3.5em;\n            font-weight: bold;\n            display: inline-block;\n            border-bottom: 1px ;\n        } \n        .cgd_calendar_desactive {\n            background-color : #C0C0C090 ; \n        }           \n        span.cgd_calendar_mois {            \n            font-family: Verdana, sans-serif;\n            font-size: 0.7em; \n            display: block;\n            position: relative;\n            text-align: center;\n            color: white;\n            border-radius: 0.6em;\n            overflow: hidden;\n        }            \n        span.cgd_calendar_jour {\n            font-size: 2em; \n            display: block;\n            position: relative;\n            background-color: white;\n            color: black;\n            overflow: hidden;\n        }            \n        span.cgd_calendar_jour_semaine {\n            font-size: 0.4em; \n            font-weight: normal;\n            text-align: center;\n            display: block;\n            position: relative;\n            background-color: whiite;\n            overflow: hidden;\n        }\n        span.cgd_calendar_annee {\n            font-size: 1.3em; \n            display: block;\n            font-weight: bold;\n            color: #3A3B3C;\n            position: relative;\n            background-color: lightgrey;\n            overflow: hidden;\n        }   \n        div.cgd_calendar_box {\n            position: relative;\n            width: 100%;\n            display: inline-block;\n            border-style: solid;\n            border-width: 2px;\n            border-color: #4186c0;\n            border-radius: 0.5em;\n        }\n        span.cgd_calendar_nom {\n            font-weight: bold;\n            font-size: 1.1em; \n            color: darkblue; \n            margin: .4em;\n        }\n        span.cgd_calendar_horaire {\n            font-weight: normal;\n            text-align: right;\n        } \n        span.cgd_calendar_mois_bleu {  \n            background-color: blue;\n        }\n        span.cgd_calendar_mois_rouge {  \n            background-color: red;\n        }\n        span.cgd_calendar_mois_orange {  \n            background-color: orange;\n        }\n        span.cgd_calendar_mois_jaune {  \n            background-color: yellow;\n        }\n        span.cgd_calendar_mois_vert {  \n            background-color: green;\n        }\n        span.cgd_calendar_mois_noir {  \n            background-color: black;\n        } \n        a.cgd-btn {\n            display: block;\n            width: 30em;\n            height: 30px;\n            padding: 3px;\n            line-height: 20px;\n            background: #898989;\n            text-align: center;\n            vertical-align: center;\n            border-radius: 5px;\n            color: white;\n            font-weight: 500;\n            font-size: 13px ;\n            font-weight: bold;\n            border: solid black 1px;\n            box-shadow: 3px 3px 10px 0px rgba(9, 7, 7, 0.5);\n        } \n        .tooltip {\n            position: relative;\n            display: inline-block;\n            border-bottom: 1px ;\n            opacity: 1;\n            img {\n                position: relative;\n                z-index: 1;\n            }\n        } \n        .tooltip .tooltiptext {\n            visibility: hidden;\n            width: 1200%;\n            background-color: #1E5073;\n            border: 1px solid #000000;\n            border-radius: 0 10px 10px 10px;\n            box-shaodw: 0 0 5px rgba(0,0,0,0.5);\n            position: absolute;\n            z-index: 2;\n            top: 120%;\n            margin: -5px -5px 0 0 ;\n            \n            transition: opacity 0.3s;\n            padding: 5px;\n            font-size: 1.1em;\n            font-weight: bold;\n            color: white;\n            text-align: center;\n        }\n        .tooltip_desactive .tooltiptext_desactive {\n            visibility: hidden;\n            width: 95%;\n            background-color : red ;  \n            border: 1px solid #000000;\n            border-radius: 0 10px 10px 10px;\n            box-shaodw: 0 0 5px rgba(0,0,0,0.5);\n            position: absolute;\n            z-index: 2;\n            top: 120%;\n            margin: -5px -5px 0 0 ;\n            left: 20px;\n            transition: opacity 0.3s;\n            padding: 5px;\n            font-size: 1.1em;\n            font-weight: bold;\n            color: white;\n            text-align: center;\n        }\n        .tooltip_responsable .tooltiptext_responsable {\n            visibility: hidden;\n            width: 90%;\n            border: 1px solid #000000;\n            border-radius: 0 10px 10px 10px;\n            box-shaodw: 0 0 5px rgba(0,0,0,0.5);\n            position: absolute;\n            z-index: 2;\n            top: 100%;\n            margin: -5px -5px 0 0 ;\n            left: -0px;\n            transition: opacity 0.3s;\n            padding: 5px;\n            font-size: 1.2em;\n            font-weight: bold;\n            text-align: center;\n            background-color : yellow ; \n            color : black ; \n        }\n        .tooltip:hover .tooltiptext {\n            visibility: visible;\n            opacity: 1;\n            font-style: bold;\n        }\n        .tooltip_desactive:hover .tooltiptext_desactive {\n            visibility: visible;\n            opacity: 1;\n            font-style: bold;\n        }\n        .tooltip_responsable:hover .tooltiptext_responsable {\n            visibility: visible;\n            opacity: 1;\n            font-style: bold;\n        }\n        div.gestiongroupes {\n            background-color: #03fee7;\n            border:1px solid black;\n            border-radius: 4px;\n        }\n    <\/style>\t\t<div class=\"elementor-shortcode\"><\/div>\n\t\t\t\t<\/div>\n\t\t\t\t<\/div>\n\t\t\t\t<div class=\"elementor-element elementor-element-622144ea elementor-widget elementor-widget-heading\" data-id=\"622144ea\" data-element_type=\"widget\" data-widget_type=\"heading.default\">\n\t\t\t\t<div class=\"elementor-widget-container\">\n\t\t\t<h2 class=\"elementor-heading-title elementor-size-default\"><h3>Prochains \u00e9v\u00e8nements<\/h3><\/h2>\t\t<\/div>\n\t\t\t\t<\/div>\n\t\t\t\t<div class=\"elementor-element elementor-element-0e0ac99 elementor-widget elementor-widget-shortcode\" data-id=\"0e0ac99\" data-element_type=\"widget\" data-widget_type=\"shortcode.default\">\n\t\t\t\t<div class=\"elementor-widget-container\">\n\t\t\t\t\t<div class=\"elementor-shortcode\"><img decoding=\"async\" src=\"https:\/\/cgdauphine.fr\/wp-cgd\/wp-content\/plugins\/cgd-member-management\/\/images\/calendrier18.png\"> Aucun \u00e9v\u00e8nement pr\u00e9vu pour le moment.<\/div>\n\t\t\t\t<\/div>\n\t\t\t\t<\/div>\n\t\t\t\t\t\t<\/div>\n\t\t\t\t\t<\/div>\n\t\t<\/div>\n\t\t\t\t\t\t\t\t<\/div>\n\t\t\t\t\t<\/div>\n\t\t<\/section>\n\t\t\t\t\t\t\t\t\t<\/div>\n\t\t\t<\/div>\n\t\t\t\t\t<\/div>\n\t\t","protected":false},"excerpt":{"rendered":"<p>Activit\u00e9s Pr\u00e9sentation Ce groupe local du CGD,cr\u00e9\u00e9 en janvier 2008 \u00e0 Chapareillan, tient maintenant ses r\u00e9unions \u00e0 Champs-pr\u00e8s-Froges. Voir le site officiel de la mairie Permanence le 1er jeudi de chaque mois (sauf exception) de 14h00 \u00e0 18h00 LE CHAMP PRES FROGES, annexe de la mairie, rue de la R\u00e9publique. Jean-No\u00ebl Prost contacter un responsable Prochains \u00e9v\u00e8nements<\/p>\n","protected":false},"author":1,"featured_media":0,"parent":197,"menu_order":0,"comment_status":"closed","ping_status":"closed","template":"tpl-full-width.php","meta":[],"_links":{"self":[{"href":"https:\/\/cgdauphine.fr\/wp-cgd\/wp-json\/wp\/v2\/pages\/2638"}],"collection":[{"href":"https:\/\/cgdauphine.fr\/wp-cgd\/wp-json\/wp\/v2\/pages"}],"about":[{"href":"https:\/\/cgdauphine.fr\/wp-cgd\/wp-json\/wp\/v2\/types\/page"}],"author":[{"embeddable":true,"href":"https:\/\/cgdauphine.fr\/wp-cgd\/wp-json\/wp\/v2\/users\/1"}],"replies":[{"embeddable":true,"href":"https:\/\/cgdauphine.fr\/wp-cgd\/wp-json\/wp\/v2\/comments?post=2638"}],"version-history":[{"count":24,"href":"https:\/\/cgdauphine.fr\/wp-cgd\/wp-json\/wp\/v2\/pages\/2638\/revisions"}],"predecessor-version":[{"id":25320,"href":"https:\/\/cgdauphine.fr\/wp-cgd\/wp-json\/wp\/v2\/pages\/2638\/revisions\/25320"}],"up":[{"embeddable":true,"href":"https:\/\/cgdauphine.fr\/wp-cgd\/wp-json\/wp\/v2\/pages\/197"}],"wp:attachment":[{"href":"https:\/\/cgdauphine.fr\/wp-cgd\/wp-json\/wp\/v2\/media?parent=2638"}],"curies":[{"name":"wp","href":"https:\/\/api.w.org\/{rel}","templated":true}]}}