 {"id":2623,"date":"2018-08-01T18:36:11","date_gmt":"2018-08-01T16:36:11","guid":{"rendered":"http:\/\/cgdauphine.fr\/wp-cgd\/?page_id=2623"},"modified":"2025-07-21T08:53:15","modified_gmt":"2025-07-21T06:53:15","slug":"groupe-bievre-valloire","status":"publish","type":"page","link":"https:\/\/cgdauphine.fr\/wp-cgd\/evenements\/groupes\/groupe-bievre-valloire\/","title":{"rendered":"Groupe Bi\u00e8vre-Valloire"},"content":{"rendered":"\t\t<div data-elementor-type=\"wp-post\" data-elementor-id=\"2623\" class=\"elementor elementor-2623\">\n\t\t\t\t\t\t<div class=\"elementor-inner\">\n\t\t\t\t<div class=\"elementor-section-wrap\">\n\t\t\t\t\t\t\t\t\t<section class=\"elementor-section elementor-top-section elementor-element elementor-element-9d50c6d elementor-section-boxed elementor-section-height-default elementor-section-height-default\" data-id=\"9d50c6d\" data-element_type=\"section\">\n\t\t\t\t\t\t<div class=\"elementor-container elementor-column-gap-default\">\n\t\t\t\t\t\t\t<div class=\"elementor-row\">\n\t\t\t\t\t<div class=\"elementor-column elementor-col-66 elementor-top-column elementor-element elementor-element-3b33fd6\" data-id=\"3b33fd6\" data-element_type=\"column\">\n\t\t\t<div class=\"elementor-column-wrap elementor-element-populated\">\n\t\t\t\t\t\t\t<div class=\"elementor-widget-wrap\">\n\t\t\t\t\t\t<div class=\"elementor-element elementor-element-586b33f elementor-widget elementor-widget-shortcode\" data-id=\"586b33f\" data-element_type=\"widget\" data-widget_type=\"shortcode.default\">\n\t\t\t\t<div class=\"elementor-widget-container\">\n\t\t\t\t\t<div class=\"elementor-shortcode\">\n    <style>\n    a.type1:hover { color: #00000; }\n    .tooltip {\n        position: relative;\n        display: inline-block;\n        border-bottom: 1px ;\n        opacity: 1;\n        img {\n            position: relative;\n            z-index: 1;\n        }\n    }\n    \n    .tooltip .tooltiptext {\n        font-weight: bold;\n        visibility: hidden;\n        max-width: 400px;\n        min-width: 220px;\n        background-color: #f3f4aa;\n        border: 2px solid #aca9a9;\n        border-radius: 10px 0 10px 10px;\n        box-shaodw: 0 0 5px rgba(0,0,0,0.5);\n        position: absolute;\n        z-index: 2;\n        top: 100%;\n        margin: -5px -5px 0 0 ;\n        right: 100%;\n        transition: opacity 0.3s;\n        font-style: bold;\n        padding: 10px;\n        font-color: white;\n        text-align: left;\n    }\n    \n    .tooltiptext2 {\n        left: 100%;\n    }\n    \n    .tooltip:hover .tooltiptext {\n        visibility: visible;\n        opacity: 1;\n        font-style: bold;\n    }\n\n    table.bordurearrondie {\n        width: 100%;\n        border: 1px solid #42afbf;\n        box-shadow: 1px 1px 10px 1px #b5b6c2; \n        border-collapse: separate ;\n        border-radius: 0.5em\n    }\n            \n    <\/style><table style=\"width: 100%;\"><tbody><tr><td><\/td><\/tr><\/tbody><\/table><br><br><center><a class=\"cgd-btn\" style=\"width: 320px; height: 30px;\" href=\"archives-groupe\">Voir les archives d'actualit\u00e9s de plus de 4 mois<\/a><\/center><\/div>\n\t\t\t\t<\/div>\n\t\t\t\t<\/div>\n\t\t\t\t\t\t<\/div>\n\t\t\t\t\t<\/div>\n\t\t<\/div>\n\t\t\t\t<div class=\"elementor-column elementor-col-33 elementor-top-column elementor-element elementor-element-1cf89ff\" data-id=\"1cf89ff\" data-element_type=\"column\">\n\t\t\t<div class=\"elementor-column-wrap elementor-element-populated\">\n\t\t\t\t\t\t\t<div class=\"elementor-widget-wrap\">\n\t\t\t\t\t\t<div class=\"elementor-element elementor-element-5d676923 elementor-widget elementor-widget-heading\" data-id=\"5d676923\" data-element_type=\"widget\" data-widget_type=\"heading.default\">\n\t\t\t\t<div class=\"elementor-widget-container\">\n\t\t\t<h2 class=\"elementor-heading-title elementor-size-default\"><h3>Pr\u00e9sentation<\/h3><\/h2>\t\t<\/div>\n\t\t\t\t<\/div>\n\t\t\t\t<div class=\"elementor-element elementor-element-55fb94d4 elementor-widget elementor-widget-text-editor\" data-id=\"55fb94d4\" data-element_type=\"widget\" data-widget_type=\"text-editor.default\">\n\t\t\t\t<div class=\"elementor-widget-container\">\n\t\t\t\t\t\t\t\t<div class=\"elementor-text-editor elementor-clearfix\">\n\t\t\t\t<p>Ce groupe local du CGD a \u00e9t\u00e9 cr\u00e9\u00e9 en octobre 2002.<img decoding=\"async\" loading=\"lazy\" class=\"alignnone size-medium wp-image-2631\" src=\"http:\/\/cgdauphine.fr\/wp-cgd\/wp-content\/uploads\/2018\/08\/montee_de_leglise-300x170.jpg\" alt=\"\" width=\"300\" height=\"170\" srcset=\"https:\/\/cgdauphine.fr\/wp-cgd\/wp-content\/uploads\/2018\/08\/montee_de_leglise-300x170.jpg 300w, https:\/\/cgdauphine.fr\/wp-cgd\/wp-content\/uploads\/2018\/08\/montee_de_leglise-768x434.jpg 768w, https:\/\/cgdauphine.fr\/wp-cgd\/wp-content\/uploads\/2018\/08\/montee_de_leglise-400x226.jpg 400w, https:\/\/cgdauphine.fr\/wp-cgd\/wp-content\/uploads\/2018\/08\/montee_de_leglise.jpg 913w\" sizes=\"(max-width: 300px) 100vw, 300px\" \/><\/p>\t\t\t\t\t<\/div>\n\t\t\t\t\t\t<\/div>\n\t\t\t\t<\/div>\n\t\t\t\t<div class=\"elementor-element elementor-element-988cb61 elementor-widget elementor-widget-text-editor\" data-id=\"988cb61\" data-element_type=\"widget\" data-settings=\"{&quot;motion_fx_motion_fx_scrolling&quot;:&quot;yes&quot;,&quot;motion_fx_range&quot;:&quot;viewport&quot;,&quot;sticky&quot;:&quot;top&quot;,&quot;sticky_offset&quot;:60,&quot;motion_fx_devices&quot;:[&quot;desktop&quot;,&quot;tablet&quot;,&quot;mobile&quot;],&quot;sticky_on&quot;:[&quot;desktop&quot;,&quot;tablet&quot;,&quot;mobile&quot;],&quot;sticky_effects_offset&quot;:0}\" data-widget_type=\"text-editor.default\">\n\t\t\t\t<div class=\"elementor-widget-container\">\n\t\t\t\t\t\t\t\t<div class=\"elementor-text-editor elementor-clearfix\">\n\t\t\t\t<p><img decoding=\"async\" loading=\"lazy\" class=\"alignnone size-full wp-image-2456\" src=\"https:\/\/cgdauphine.fr\/wp-cgd\/wp-content\/uploads\/2018\/07\/calendrier18.png\" alt=\"\" width=\"18\" height=\"18\" \/>Permanence un mardi par mois de 14h \u00e0 18h,<\/p><p><img decoding=\"async\" loading=\"lazy\" class=\"alignnone size-full wp-image-2454\" src=\"https:\/\/cgdauphine.fr\/wp-cgd\/wp-content\/uploads\/2018\/07\/Lieu18.png\" alt=\"\" width=\"18\" height=\"18\" \/>Centre Culturel de Faramans, Mont\u00e9e de l&#8217;\u00e9glise.<\/p><h4><img decoding=\"async\" loading=\"lazy\" class=\"alignnone size-full wp-image-2451\" src=\"https:\/\/cgdauphine.fr\/wp-cgd\/wp-content\/uploads\/2018\/07\/User18.png\" alt=\"\" width=\"18\" height=\"18\" \/>Michel Gillibert<\/h4><p>\u00a0<img decoding=\"async\" loading=\"lazy\" class=\"alignnone size-full wp-image-2447\" src=\"https:\/\/cgdauphine.fr\/wp-cgd\/wp-content\/uploads\/2018\/07\/phone18.png\" alt=\"\" width=\"18\" height=\"18\" \/> 06 95 22 10 79\u00a0<br \/>\u00a0 <img decoding=\"async\" loading=\"lazy\" class=\"alignnone size-full wp-image-2445\" src=\"https:\/\/cgdauphine.fr\/wp-cgd\/wp-content\/uploads\/2018\/07\/email18.png\" alt=\"\" width=\"18\" height=\"18\" \/><a href=\"https:\/\/www.cgdauphine.fr\/contact?raison=groupe-bievre-valloire\"><strong>contacter le responsable<\/strong><\/a><\/p>\t\t\t\t\t<\/div>\n\t\t\t\t\t\t<\/div>\n\t\t\t\t<\/div>\n\t\t\t\t<div class=\"elementor-element elementor-element-0f9c66f elementor-widget elementor-widget-shortcode\" data-id=\"0f9c66f\" data-element_type=\"widget\" data-settings=\"{&quot;motion_fx_motion_fx_scrolling&quot;:&quot;yes&quot;,&quot;motion_fx_range&quot;:&quot;viewport&quot;,&quot;sticky&quot;:&quot;top&quot;,&quot;sticky_offset&quot;:240,&quot;motion_fx_devices&quot;:[&quot;desktop&quot;,&quot;tablet&quot;,&quot;mobile&quot;],&quot;sticky_on&quot;:[&quot;desktop&quot;,&quot;tablet&quot;,&quot;mobile&quot;],&quot;sticky_effects_offset&quot;:0}\" data-widget_type=\"shortcode.default\">\n\t\t\t\t<div class=\"elementor-widget-container\">\n\t\t\t<script src=\"https:\/\/code.jquery.com\/jquery-3.7.1.js\"><\/script>\n        <script src=\"https:\/\/code.jquery.com\/ui\/1.13.3\/jquery-ui.js\"><\/script>\n        <script\n        src=\"https:\/\/cdn.jsdelivr.net\/gh\/dubrox\/Multiple-Dates-Picker-for-jQuery-UI@master\/jquery-ui.multidatespicker.js\"><\/script>\n\n        <link rel=\"stylesheet\" href=\"https:\/\/code.jquery.com\/ui\/1.13.3\/themes\/smoothness\/jquery-ui.css\">\n        <style>\n\n        #datePickTweaked.input {\n            width: 300px;\n            padding: 7px;\n        }\n\n        .ui-state-highlight {\n            border: 0 !important;\n        }\n\n        .ui-state-highlight a {\n            background: blue !important;\n            color: #fff !important;\n        }\n        <\/style>\n    <style>            \n        div.cgd_calendar {\n            position: relative;\n            width: 3.5em;\n            font-weight: bold;\n            display: inline-block;\n            border-bottom: 1px ;\n        } \n        .cgd_calendar_desactive {\n            background-color : #C0C0C090 ; \n        }           \n        span.cgd_calendar_mois {            \n            font-family: Verdana, sans-serif;\n            font-size: 0.7em; \n            display: block;\n            position: relative;\n            text-align: center;\n            color: white;\n            border-radius: 0.6em;\n            overflow: hidden;\n        }            \n        span.cgd_calendar_jour {\n            font-size: 2em; \n            display: block;\n            position: relative;\n            background-color: white;\n            color: black;\n            overflow: hidden;\n        }            \n        span.cgd_calendar_jour_semaine {\n            font-size: 0.4em; \n            font-weight: normal;\n            text-align: center;\n            display: block;\n            position: relative;\n            background-color: whiite;\n            overflow: hidden;\n        }\n        span.cgd_calendar_annee {\n            font-size: 1.3em; \n            display: block;\n            font-weight: bold;\n            color: #3A3B3C;\n            position: relative;\n            background-color: lightgrey;\n            overflow: hidden;\n        }   \n        div.cgd_calendar_box {\n            position: relative;\n            width: 100%;\n            display: inline-block;\n            border-style: solid;\n            border-width: 2px;\n            border-color: #4186c0;\n            border-radius: 0.5em;\n        }\n        span.cgd_calendar_nom {\n            font-weight: bold;\n            font-size: 1.1em; \n            color: darkblue; \n            margin: .4em;\n        }\n        span.cgd_calendar_horaire {\n            font-weight: normal;\n            text-align: right;\n        } \n        span.cgd_calendar_mois_bleu {  \n            background-color: blue;\n        }\n        span.cgd_calendar_mois_rouge {  \n            background-color: red;\n        }\n        span.cgd_calendar_mois_orange {  \n            background-color: orange;\n        }\n        span.cgd_calendar_mois_jaune {  \n            background-color: yellow;\n        }\n        span.cgd_calendar_mois_vert {  \n            background-color: green;\n        }\n        span.cgd_calendar_mois_noir {  \n            background-color: black;\n        } \n        a.cgd-btn {\n            display: block;\n            width: 30em;\n            height: 30px;\n            padding: 3px;\n            line-height: 20px;\n            background: #898989;\n            text-align: center;\n            vertical-align: center;\n            border-radius: 5px;\n            color: white;\n            font-weight: 500;\n            font-size: 13px ;\n            font-weight: bold;\n            border: solid black 1px;\n            box-shadow: 3px 3px 10px 0px rgba(9, 7, 7, 0.5);\n        } \n        .tooltip {\n            position: relative;\n            display: inline-block;\n            border-bottom: 1px ;\n            opacity: 1;\n            img {\n                position: relative;\n                z-index: 1;\n            }\n        } \n        .tooltip .tooltiptext {\n            visibility: hidden;\n            width: 1200%;\n            background-color: #1E5073;\n            border: 1px solid #000000;\n            border-radius: 0 10px 10px 10px;\n            box-shaodw: 0 0 5px rgba(0,0,0,0.5);\n            position: absolute;\n            z-index: 2;\n            top: 120%;\n            margin: -5px -5px 0 0 ;\n            \n            transition: opacity 0.3s;\n            padding: 5px;\n            font-size: 1.1em;\n            font-weight: bold;\n            color: white;\n            text-align: center;\n        }\n        .tooltip_desactive .tooltiptext_desactive {\n            visibility: hidden;\n            width: 95%;\n            background-color : red ;  \n            border: 1px solid #000000;\n            border-radius: 0 10px 10px 10px;\n            box-shaodw: 0 0 5px rgba(0,0,0,0.5);\n            position: absolute;\n            z-index: 2;\n            top: 120%;\n            margin: -5px -5px 0 0 ;\n            left: 20px;\n            transition: opacity 0.3s;\n            padding: 5px;\n            font-size: 1.1em;\n            font-weight: bold;\n            color: white;\n            text-align: center;\n        }\n        .tooltip_responsable .tooltiptext_responsable {\n            visibility: hidden;\n            width: 90%;\n            border: 1px solid #000000;\n            border-radius: 0 10px 10px 10px;\n            box-shaodw: 0 0 5px rgba(0,0,0,0.5);\n            position: absolute;\n            z-index: 2;\n            top: 100%;\n            margin: -5px -5px 0 0 ;\n            left: -0px;\n            transition: opacity 0.3s;\n            padding: 5px;\n            font-size: 1.2em;\n            font-weight: bold;\n            text-align: center;\n            background-color : yellow ; \n            color : black ; \n        }\n        .tooltip:hover .tooltiptext {\n            visibility: visible;\n            opacity: 1;\n            font-style: bold;\n        }\n        .tooltip_desactive:hover .tooltiptext_desactive {\n            visibility: visible;\n            opacity: 1;\n            font-style: bold;\n        }\n        .tooltip_responsable:hover .tooltiptext_responsable {\n            visibility: visible;\n            opacity: 1;\n            font-style: bold;\n        }\n        div.gestiongroupes {\n            background-color: #03fee7;\n            border:1px solid black;\n            border-radius: 4px;\n        }\n    <\/style>\t\t<div class=\"elementor-shortcode\"><\/div>\n\t\t\t\t<\/div>\n\t\t\t\t<\/div>\n\t\t\t\t<div class=\"elementor-element elementor-element-ca11972 elementor-widget elementor-widget-heading\" data-id=\"ca11972\" data-element_type=\"widget\" data-widget_type=\"heading.default\">\n\t\t\t\t<div class=\"elementor-widget-container\">\n\t\t\t<h2 class=\"elementor-heading-title elementor-size-default\"><h3>Prochains \u00e9v\u00e8nements<\/h3><\/h2>\t\t<\/div>\n\t\t\t\t<\/div>\n\t\t\t\t<div class=\"elementor-element elementor-element-63c6e8d6 elementor-widget elementor-widget-shortcode\" data-id=\"63c6e8d6\" data-element_type=\"widget\" data-widget_type=\"shortcode.default\">\n\t\t\t\t<div class=\"elementor-widget-container\">\n\t\t\t\t\t<div class=\"elementor-shortcode\"><table style='font-family:\"Raleway\", sans-serif; font-size:70%;'><tbody><tr><td><div class=\"cgd_calendar\">  \n        <span class=\"cgd_calendar_mois cgd_calendar_mois_orange\">MAI\n            <span class=\"cgd_calendar_jour\">19\n                <span class=\"cgd_calendar_jour_semaine\">mardi            \n                    <span class=\"cgd_calendar_annee\">2026\n                    <\/span>\n                <\/span>\n            <\/span>\n        <\/span>\n    <\/div><\/td><td><style>\n    <\/style><div class=\"cgd_calendar_box cgd_calendar_desactive\">\n                        <div class=\"tooltip_desactive\" style=\"border:none;\">  \n                            <div class=\"tooltip_desactive\" style=\"border:none;\">  \n                                <span class=\"tooltiptext_desactive\">\n                                    L'\u00e9v\u00e8nement \"<i>Permanence Bi\u00e8vre-Valloire<\/i>\" situ\u00e9 \u00e0 \"<i>FARAMANS<\/i>\" est COMPLET ou FERME.\n                                <\/span>\n                            <\/div>       \n                            <span class=\"cgd_calendar_nom\">Permanence Bi\u00e8vre-Valloire<\/span>\n                            <br><img decoding=\"async\" src=\"https:\/\/cgdauphine.fr\/wp-cgd\/wp-content\/plugins\/cgd-member-management\/images\/icone-carre-orange-18x9.png\">\n                            &nbsp; 19 mai de 14 h \u00e0 18 h    \n                        <\/div>\n                    <\/div><\/td><\/tr><tr><td><div class=\"cgd_calendar\">  \n        <span class=\"cgd_calendar_mois cgd_calendar_mois_bleu\">JUIN\n            <span class=\"cgd_calendar_jour\">16\n                <span class=\"cgd_calendar_jour_semaine\">mardi            \n                    <span class=\"cgd_calendar_annee\">2026\n                    <\/span>\n                <\/span>\n            <\/span>\n        <\/span>\n    <\/div><\/td><td><style>\n    <\/style><div class=\"cgd_calendar_box\"><form name=\"voir_evenement\" method=\"post\" action=\"https:\/\/cgdauphine.fr\/wp-cgd\/evenements\/groupes\/details-de-levenement\/\">\n                <input name=\"voir_plus\" type=\"hidden\" value=\"ABSOLUT\">\n                <input name=\"ID_evenement\" type=\"hidden\" value=\"1\">\n                <input name=\"date_evenement\" type=\"hidden\" value=\"20260616\">\n                <span class=\"cgd_calendar_nom\">Permanence Bi\u00e8vre-Valloire<br><\/span>\n                <div class=\"tooltip\" style=\"border:none;\">  \n                    <input type=\"image\" alt=\"\" formtarget=\"_parent\" src=\"https:\/\/cgdauphine.fr\/wp-cgd\/wp-content\/plugins\/cgd-member-management\/\/images\/icone-information-bleu.png\">\n                    <span class=\"tooltiptext\">  Voir plus d\u2019informations sur l'\u00e9v\u00e8nement \"<i>Permanence Bi\u00e8vre-Valloire<\/i>\" situ\u00e9 \u00e0 \"<i>FARAMANS<\/i>\"<\/span>\n                <\/div>\n\n                <\/span>\n                <span class=\"cgd_calendar_horaire\">          \n                    &nbsp; 16 juin de 14h00 \u00e0 18h00          \n                <\/span><\/form>\n                <\/div><\/td><\/tr><\/tbody><\/table><\/div>\n\t\t\t\t<\/div>\n\t\t\t\t<\/div>\n\t\t\t\t\t\t<\/div>\n\t\t\t\t\t<\/div>\n\t\t<\/div>\n\t\t\t\t\t\t\t\t<\/div>\n\t\t\t\t\t<\/div>\n\t\t<\/section>\n\t\t\t\t\t\t\t\t\t<\/div>\n\t\t\t<\/div>\n\t\t\t\t\t<\/div>\n\t\t","protected":false},"excerpt":{"rendered":"<p>Pr\u00e9sentation Ce groupe local du CGD a \u00e9t\u00e9 cr\u00e9\u00e9 en octobre 2002. Permanence un mardi par mois de 14h \u00e0 18h, Centre Culturel de Faramans, Mont\u00e9e de l&#8217;\u00e9glise. Michel Gillibert \u00a0 06 95 22 10 79\u00a0\u00a0 contacter le responsable Prochains \u00e9v\u00e8nements<\/p>\n","protected":false},"author":1,"featured_media":0,"parent":197,"menu_order":0,"comment_status":"closed","ping_status":"closed","template":"tpl-full-width.php","meta":[],"_links":{"self":[{"href":"https:\/\/cgdauphine.fr\/wp-cgd\/wp-json\/wp\/v2\/pages\/2623"}],"collection":[{"href":"https:\/\/cgdauphine.fr\/wp-cgd\/wp-json\/wp\/v2\/pages"}],"about":[{"href":"https:\/\/cgdauphine.fr\/wp-cgd\/wp-json\/wp\/v2\/types\/page"}],"author":[{"embeddable":true,"href":"https:\/\/cgdauphine.fr\/wp-cgd\/wp-json\/wp\/v2\/users\/1"}],"replies":[{"embeddable":true,"href":"https:\/\/cgdauphine.fr\/wp-cgd\/wp-json\/wp\/v2\/comments?post=2623"}],"version-history":[{"count":30,"href":"https:\/\/cgdauphine.fr\/wp-cgd\/wp-json\/wp\/v2\/pages\/2623\/revisions"}],"predecessor-version":[{"id":27559,"href":"https:\/\/cgdauphine.fr\/wp-cgd\/wp-json\/wp\/v2\/pages\/2623\/revisions\/27559"}],"up":[{"embeddable":true,"href":"https:\/\/cgdauphine.fr\/wp-cgd\/wp-json\/wp\/v2\/pages\/197"}],"wp:attachment":[{"href":"https:\/\/cgdauphine.fr\/wp-cgd\/wp-json\/wp\/v2\/media?parent=2623"}],"curies":[{"name":"wp","href":"https:\/\/api.w.org\/{rel}","templated":true}]}}