 {"id":25291,"date":"2024-10-11T10:32:01","date_gmt":"2024-10-11T08:32:01","guid":{"rendered":"https:\/\/cgdauphine.fr\/wp-cgd\/?page_id=25291"},"modified":"2024-10-11T10:34:41","modified_gmt":"2024-10-11T08:34:41","slug":"archives-groupe","status":"publish","type":"page","link":"https:\/\/cgdauphine.fr\/wp-cgd\/evenements\/groupes\/groupe-bievre-valloire\/archives-groupe\/","title":{"rendered":"Archives du groupe &#8220;Bi\u00e8vre Valloire&#8221;"},"content":{"rendered":"\t\t<div data-elementor-type=\"wp-page\" data-elementor-id=\"25291\" class=\"elementor elementor-25291\">\n\t\t\t\t\t\t<div class=\"elementor-inner\">\n\t\t\t\t<div class=\"elementor-section-wrap\">\n\t\t\t\t\t\t\t\t\t<section class=\"elementor-section elementor-top-section elementor-element elementor-element-8c3f7bd elementor-section-boxed elementor-section-height-default elementor-section-height-default\" data-id=\"8c3f7bd\" data-element_type=\"section\">\n\t\t\t\t\t\t<div class=\"elementor-container elementor-column-gap-default\">\n\t\t\t\t\t\t\t<div class=\"elementor-row\">\n\t\t\t\t\t<div class=\"elementor-column elementor-col-100 elementor-top-column elementor-element elementor-element-e70c8a4\" data-id=\"e70c8a4\" data-element_type=\"column\">\n\t\t\t<div class=\"elementor-column-wrap elementor-element-populated\">\n\t\t\t\t\t\t\t<div class=\"elementor-widget-wrap\">\n\t\t\t\t\t\t<div class=\"elementor-element elementor-element-27fe20e elementor-widget elementor-widget-shortcode\" data-id=\"27fe20e\" data-element_type=\"widget\" data-widget_type=\"shortcode.default\">\n\t\t\t\t<div class=\"elementor-widget-container\">\n\t\t\t\t\t<div class=\"elementor-shortcode\">\n    <style>\n    a.type1:hover { color: #00000; }\n    .tooltip {\n        position: relative;\n        display: inline-block;\n        border-bottom: 1px ;\n        opacity: 1;\n        img {\n            position: relative;\n            z-index: 1;\n        }\n    }\n    \n    .tooltip .tooltiptext {\n        font-weight: bold;\n        visibility: hidden;\n        max-width: 400px;\n        min-width: 220px;\n        background-color: #f3f4aa;\n        border: 2px solid #aca9a9;\n        border-radius: 10px 0 10px 10px;\n        box-shaodw: 0 0 5px rgba(0,0,0,0.5);\n        position: absolute;\n        z-index: 2;\n        top: 100%;\n        margin: -5px -5px 0 0 ;\n        right: 100%;\n        transition: opacity 0.3s;\n        font-style: bold;\n        padding: 10px;\n        font-color: white;\n        text-align: left;\n    }\n    \n    .tooltiptext2 {\n        left: 100%;\n    }\n    \n    .tooltip:hover .tooltiptext {\n        visibility: visible;\n        opacity: 1;\n        font-style: bold;\n    }\n\n    table.bordurearrondie {\n        width: 100%;\n        border: 1px solid #42afbf;\n        box-shadow: 1px 1px 10px 1px #b5b6c2; \n        border-collapse: separate ;\n        border-radius: 0.5em\n    }\n            \n    <\/style><h3>Articles anciens (> 4 mois)<\/h3><style>#parent { white-space: nowrap; }\n                            .enfant { display: inline-block; }\n                        <\/style><div id=\"parent\"><div class=\"enfant\"><li>7 janvier 2025\n                        <\/div><div class=\"enfant\">\n                        <form name=\"archives\" method=\"post\" action=\"\">\n                            <input name=\"ID\" type=\"hidden\" value=\"115\">                                   \n                            <input name=\"nom_groupe\" type=\"hidden\" value=\"groupe-bievre-valloire\">                        \n                            <input name=\"action_article\" type=\"hidden\" value=\"Voir archive\">    \n                            <input name=\"cgd_appel\" type=\"hidden\" value=\"OUI\">\n                            <input name=\"afficher_article\" type=\"submit\" value=\"1525 2025, la Chapelle St Michel de Balbins f\u00eate le demi-mill\u00e9naire de sa fondation. Tous les 2\u00e8mes dimanches de chaque mois\"\n                                style=\"background-color: transparent;\n                                    color: blue;\t\t\n                                    border : none ;\n                                    border-radius: 0px ;\n                                    box-shadow: 3px 3px 10px 0px rgba(0,0,0,0);\n                                    border : none ;\">\n                        <\/form>\n                    <\/li><\/div><\/div><div id=\"parent\"><div class=\"enfant\"><li>12 d\u00e9cembre 2024\n                        <\/div><div class=\"enfant\">\n                        <form name=\"archives\" method=\"post\" action=\"\">\n                            <input name=\"ID\" type=\"hidden\" value=\"114\">                                   \n                            <input name=\"nom_groupe\" type=\"hidden\" value=\"groupe-bievre-valloire\">                        \n                            <input name=\"action_article\" type=\"hidden\" value=\"Voir archive\">    \n                            <input name=\"cgd_appel\" type=\"hidden\" value=\"OUI\">\n                            <input name=\"afficher_article\" type=\"submit\" value=\"Groupe du CGD \u00e0 Revel-Tourdan octobre 24\"\n                                style=\"background-color: transparent;\n                                    color: blue;\t\t\n                                    border : none ;\n                                    border-radius: 0px ;\n                                    box-shadow: 3px 3px 10px 0px rgba(0,0,0,0);\n                                    border : none ;\">\n                        <\/form>\n                    <\/li><\/div><\/div><div id=\"parent\"><div class=\"enfant\"><li>12 d\u00e9cembre 2024\n                        <\/div><div class=\"enfant\">\n                        <form name=\"archives\" method=\"post\" action=\"\">\n                            <input name=\"ID\" type=\"hidden\" value=\"113\">                                   \n                            <input name=\"nom_groupe\" type=\"hidden\" value=\"groupe-bievre-valloire\">                        \n                            <input name=\"action_article\" type=\"hidden\" value=\"Voir archive\">    \n                            <input name=\"cgd_appel\" type=\"hidden\" value=\"OUI\">\n                            <input name=\"afficher_article\" type=\"submit\" value=\"visite de Revel-Tourdan Octobre 24\"\n                                style=\"background-color: transparent;\n                                    color: blue;\t\t\n                                    border : none ;\n                                    border-radius: 0px ;\n                                    box-shadow: 3px 3px 10px 0px rgba(0,0,0,0);\n                                    border : none ;\">\n                        <\/form>\n                    <\/li><\/div><\/div><div id=\"parent\"><div class=\"enfant\"><li>12 d\u00e9cembre 2024\n                        <\/div><div class=\"enfant\">\n                        <form name=\"archives\" method=\"post\" action=\"\">\n                            <input name=\"ID\" type=\"hidden\" value=\"112\">                                   \n                            <input name=\"nom_groupe\" type=\"hidden\" value=\"groupe-bievre-valloire\">                        \n                            <input name=\"action_article\" type=\"hidden\" value=\"Voir archive\">    \n                            <input name=\"cgd_appel\" type=\"hidden\" value=\"OUI\">\n                            <input name=\"afficher_article\" type=\"submit\" value=\"visite de Revel-Tourdan Octobre 24\"\n                                style=\"background-color: transparent;\n                                    color: blue;\t\t\n                                    border : none ;\n                                    border-radius: 0px ;\n                                    box-shadow: 3px 3px 10px 0px rgba(0,0,0,0);\n                                    border : none ;\">\n                        <\/form>\n                    <\/li><\/div><\/div><div id=\"parent\"><div class=\"enfant\"><li>12 d\u00e9cembre 2024\n                        <\/div><div class=\"enfant\">\n                        <form name=\"archives\" method=\"post\" action=\"\">\n                            <input name=\"ID\" type=\"hidden\" value=\"68\">                                   \n                            <input name=\"nom_groupe\" type=\"hidden\" value=\"groupe-bievre-valloire\">                        \n                            <input name=\"action_article\" type=\"hidden\" value=\"Voir archive\">    \n                            <input name=\"cgd_appel\" type=\"hidden\" value=\"OUI\">\n                            <input name=\"afficher_article\" type=\"submit\" value=\"visite de Revel-Tourdan Octobre 24\"\n                                style=\"background-color: transparent;\n                                    color: blue;\t\t\n                                    border : none ;\n                                    border-radius: 0px ;\n                                    box-shadow: 3px 3px 10px 0px rgba(0,0,0,0);\n                                    border : none ;\">\n                        <\/form>\n                    <\/li><\/div><\/div><div id=\"parent\"><div class=\"enfant\"><li>14 janvier 2024\n                        <\/div><div class=\"enfant\">\n                        <form name=\"archives\" method=\"post\" action=\"\">\n                            <input name=\"ID\" type=\"hidden\" value=\"67\">                                   \n                            <input name=\"nom_groupe\" type=\"hidden\" value=\"groupe-bievre-valloire\">                        \n                            <input name=\"action_article\" type=\"hidden\" value=\"Voir archive\">    \n                            <input name=\"cgd_appel\" type=\"hidden\" value=\"OUI\">\n                            <input name=\"afficher_article\" type=\"submit\" value=\" Dauphin\u00e9 Lib\u00e9r\u00e9 du samedi 13 janvier 2024\"\n                                style=\"background-color: transparent;\n                                    color: blue;\t\t\n                                    border : none ;\n                                    border-radius: 0px ;\n                                    box-shadow: 3px 3px 10px 0px rgba(0,0,0,0);\n                                    border : none ;\">\n                        <\/form>\n                    <\/li><\/div><\/div><\/ul><\/div>\n\t\t\t\t<\/div>\n\t\t\t\t<\/div>\n\t\t\t\t<section class=\"elementor-section elementor-inner-section elementor-element elementor-element-8c2f8e0 elementor-section-boxed elementor-section-height-default elementor-section-height-default\" data-id=\"8c2f8e0\" data-element_type=\"section\">\n\t\t\t\t\t\t<div class=\"elementor-container elementor-column-gap-default\">\n\t\t\t\t\t\t\t<div class=\"elementor-row\">\n\t\t\t\t\t<div class=\"elementor-column elementor-col-50 elementor-inner-column elementor-element elementor-element-bfb2409\" data-id=\"bfb2409\" data-element_type=\"column\">\n\t\t\t<div class=\"elementor-column-wrap elementor-element-populated\">\n\t\t\t\t\t\t\t<div class=\"elementor-widget-wrap\">\n\t\t\t\t\t\t<div class=\"elementor-element elementor-element-ca1e02e elementor-widget elementor-widget-text-editor\" data-id=\"ca1e02e\" data-element_type=\"widget\" data-widget_type=\"text-editor.default\">\n\t\t\t\t<div class=\"elementor-widget-container\">\n\t\t\t\t\t\t\t\t<div class=\"elementor-text-editor elementor-clearfix\">\n\t\t\t\t<p>Evocation de &#8220;Madame Agar&#8221;, native de Faramans, grande actrice de la Com\u00e9die Fran\u00e7aise \u00e0 partir de 1869, article publi\u00e9 dans le bulletin CGD infos n\u00b054 de d\u00e9cembre 2014.<\/p>\t\t\t\t\t<\/div>\n\t\t\t\t\t\t<\/div>\n\t\t\t\t<\/div>\n\t\t\t\t\t\t<\/div>\n\t\t\t\t\t<\/div>\n\t\t<\/div>\n\t\t\t\t<div class=\"elementor-column elementor-col-50 elementor-inner-column elementor-element elementor-element-4667d0c\" data-id=\"4667d0c\" data-element_type=\"column\">\n\t\t\t<div class=\"elementor-column-wrap elementor-element-populated\">\n\t\t\t\t\t\t\t<div class=\"elementor-widget-wrap\">\n\t\t\t\t\t\t<div class=\"elementor-element elementor-element-f343234 elementor-align-center elementor-widget elementor-widget-button\" data-id=\"f343234\" data-element_type=\"widget\" data-widget_type=\"button.default\">\n\t\t\t\t<div class=\"elementor-widget-container\">\n\t\t\t\t\t<div class=\"elementor-button-wrapper\">\n\t\t\t<a href=\"https:\/\/cgdauphine.fr\/fichiers-cgd\/bulletins\/Bulletin_54_Decembre_2014.pdf\" class=\"elementor-button-link elementor-button elementor-size-sm\" role=\"button\">\n\t\t\t\t\t\t<span class=\"elementor-button-content-wrapper\">\n\t\t\t\t\t\t\t<span class=\"elementor-button-icon elementor-align-icon-left\">\n\t\t\t\t<i aria-hidden=\"true\" class=\"far fa-file-pdf\"><\/i>\t\t\t<\/span>\n\t\t\t\t\t\t<span class=\"elementor-button-text\">Voir le bulletin<\/span>\n\t\t<\/span>\n\t\t\t\t\t<\/a>\n\t\t<\/div>\n\t\t\t\t<\/div>\n\t\t\t\t<\/div>\n\t\t\t\t\t\t<\/div>\n\t\t\t\t\t<\/div>\n\t\t<\/div>\n\t\t\t\t\t\t\t\t<\/div>\n\t\t\t\t\t<\/div>\n\t\t<\/section>\n\t\t\t\t\t\t<\/div>\n\t\t\t\t\t<\/div>\n\t\t<\/div>\n\t\t\t\t\t\t\t\t<\/div>\n\t\t\t\t\t<\/div>\n\t\t<\/section>\n\t\t\t\t\t\t\t\t\t<\/div>\n\t\t\t<\/div>\n\t\t\t\t\t<\/div>\n\t\t","protected":false},"excerpt":{"rendered":"<p>Evocation de &#8220;Madame Agar&#8221;, native de Faramans, grande actrice de la Com\u00e9die Fran\u00e7aise \u00e0 partir de 1869, article publi\u00e9 dans le bulletin CGD infos n\u00b054 de d\u00e9cembre 2014. Voir le bulletin<\/p>\n","protected":false},"author":1,"featured_media":0,"parent":2623,"menu_order":0,"comment_status":"closed","ping_status":"closed","template":"tpl-full-width.php","meta":[],"_links":{"self":[{"href":"https:\/\/cgdauphine.fr\/wp-cgd\/wp-json\/wp\/v2\/pages\/25291"}],"collection":[{"href":"https:\/\/cgdauphine.fr\/wp-cgd\/wp-json\/wp\/v2\/pages"}],"about":[{"href":"https:\/\/cgdauphine.fr\/wp-cgd\/wp-json\/wp\/v2\/types\/page"}],"author":[{"embeddable":true,"href":"https:\/\/cgdauphine.fr\/wp-cgd\/wp-json\/wp\/v2\/users\/1"}],"replies":[{"embeddable":true,"href":"https:\/\/cgdauphine.fr\/wp-cgd\/wp-json\/wp\/v2\/comments?post=25291"}],"version-history":[{"count":7,"href":"https:\/\/cgdauphine.fr\/wp-cgd\/wp-json\/wp\/v2\/pages\/25291\/revisions"}],"predecessor-version":[{"id":25299,"href":"https:\/\/cgdauphine.fr\/wp-cgd\/wp-json\/wp\/v2\/pages\/25291\/revisions\/25299"}],"up":[{"embeddable":true,"href":"https:\/\/cgdauphine.fr\/wp-cgd\/wp-json\/wp\/v2\/pages\/2623"}],"wp:attachment":[{"href":"https:\/\/cgdauphine.fr\/wp-cgd\/wp-json\/wp\/v2\/media?parent=25291"}],"curies":[{"name":"wp","href":"https:\/\/api.w.org\/{rel}","templated":true}]}}