 {"id":23111,"date":"2024-06-01T10:09:36","date_gmt":"2024-06-01T08:09:36","guid":{"rendered":"https:\/\/cgdauphine.fr\/wp-cgd\/?page_id=23111"},"modified":"2024-06-01T17:17:12","modified_gmt":"2024-06-01T15:17:12","slug":"statuts","status":"publish","type":"page","link":"https:\/\/cgdauphine.fr\/wp-cgd\/vie-statutaire\/statuts\/","title":{"rendered":"Statuts"},"content":{"rendered":"\t\t<div data-elementor-type=\"wp-post\" data-elementor-id=\"23111\" class=\"elementor elementor-23111\">\n\t\t\t\t\t\t<div class=\"elementor-inner\">\n\t\t\t\t<div class=\"elementor-section-wrap\">\n\t\t\t\t\t\t\t\t\t<section class=\"elementor-section elementor-top-section elementor-element elementor-element-7ccace6 elementor-section-boxed elementor-section-height-default elementor-section-height-default\" data-id=\"7ccace6\" data-element_type=\"section\">\n\t\t\t\t\t\t<div class=\"elementor-container elementor-column-gap-default\">\n\t\t\t\t\t\t\t<div class=\"elementor-row\">\n\t\t\t\t\t<div class=\"elementor-column elementor-col-100 elementor-top-column elementor-element elementor-element-595af22\" data-id=\"595af22\" data-element_type=\"column\">\n\t\t\t<div class=\"elementor-column-wrap elementor-element-populated\">\n\t\t\t\t\t\t\t<div class=\"elementor-widget-wrap\">\n\t\t\t\t\t\t<div class=\"elementor-element elementor-element-606620e elementor-widget elementor-widget-text-editor\" data-id=\"606620e\" data-element_type=\"widget\" data-widget_type=\"text-editor.default\">\n\t\t\t\t<div class=\"elementor-widget-container\">\n\t\t\t\t\t\t\t\t<div class=\"elementor-text-editor elementor-clearfix\">\n\t\t\t\t<strong>Article 1 &#8211; D\u00e9nomination<\/strong>\nEntre les adh\u00e9rents aux pr\u00e9sents statuts, il est fond\u00e9 une association r\u00e9gie par la loi du 1<sup>er<\/sup> juillet 1901 et le d\u00e9cret du 16 ao\u00fbt 1901, ayant pour titre : <strong>Centre G\u00e9alogique du Dauphin\u00e9<\/strong>\t\t\t\t\t<\/div>\n\t\t\t\t\t\t<\/div>\n\t\t\t\t<\/div>\n\t\t\t\t<div class=\"elementor-element elementor-element-0835db0 elementor-widget elementor-widget-text-editor\" data-id=\"0835db0\" data-element_type=\"widget\" data-widget_type=\"text-editor.default\">\n\t\t\t\t<div class=\"elementor-widget-container\">\n\t\t\t\t\t\t\t\t<div class=\"elementor-text-editor elementor-clearfix\">\n\t\t\t\t<p><strong>Article 2 &#8211; Objet<\/strong><br \/>L&#8217;association ainsi cr\u00e9\u00e9e a pour finalit\u00e9 d\u2019\u0153uvrer aupr\u00e8s du plus large public possible au d\u00e9veloppement et \u00e0 l\u2019organisation de la recherche et de l\u2019\u00e9tude g\u00e9n\u00e9alogique ainsi que de toutes autres sciences ou connaissances pertinentes dans ce but, notamment en Is\u00e8re et dans le Dauphin\u00e9, et cela dans le cadre du seul b\u00e9n\u00e9volat et de la stricte gratuit\u00e9 des services fournis, \u00e0 l\u2019exception de la seule participation aux frais engag\u00e9s.<br \/>Pour cela, elle a notamment pour buts :<\/p><p>d&#8217;engager toutes d\u00e9marches ou de favoriser tous partenariats avec les institutions, services d\u2019archives et organismes \u00e0 vocation patrimoniale, collectivit\u00e9s publiques ou priv\u00e9es etc., en vue de la sauvegarde, de la conservation et de la valorisation du patrimoine \u00e9crit de l&#8217;Is\u00e8re et du Dauphin\u00e9.<\/p><ol><li>d&#8217;organiser la formation et le perfectionnement de toute personne int\u00e9ress\u00e9e par l&#8217;\u00e9tude de la g\u00e9n\u00e9alogie, de l&#8217;h\u00e9raldique, de la sigillographie, consid\u00e9r\u00e9es en tant que sciences auxiliaires de l&#8217;histoire, ainsi que dans toutes les autres sciences, pal\u00e9ographie notamment, ayant une quelconque utilit\u00e9 en vue de recherches g\u00e9n\u00e9alogiques.<\/li><li>de sensibiliser et d\u2019accompagner les g\u00e9n\u00e9alogistes au strict respect d\u00fb aux documents d\u2019archives qui sont notre bien commun, qu\u2019il nous appartient \u00e0 notre tour de pr\u00e9server et de transmettre aux g\u00e9n\u00e9rations futures comme ils nous sont parvenus.<\/li><li>d&#8217;entreprendre toutes recherches g\u00e9n\u00e9alogiques, h\u00e9raldiques, sigillographiques et d&#8217;histoire sociale de l&#8217;Is\u00e8re et du Dauphin\u00e9.<\/li><li>d&#8217;acqu\u00e9rir tous documents concernant ces recherches.<\/li><li>de conseiller et d\u2019aider toute personne dans la recherche et la pr\u00e9sentation de ses travaux, sans toutefois se substituer \u00e0 elle pour effectuer les investigations,<\/li><li>de diffuser le r\u00e9sultat des travaux de ces personnes, par tous moyens pertinents permettant de favoriser les \u00e9changes ainsi que l\u2019acquisition et le partage des connaissances utiles, notamment l&#8217;\u00e9dition de documents, l\u2019organisation de conf\u00e9rences ou de forums ouverts au public ou encore la publication ouverte sur internet.<\/li><li>de participer \u00e0 la r\u00e9alisation de tous documents en lien avec ces finalit\u00e9s entreprise dans le sein de la F\u00e9d\u00e9ration Fran\u00e7aise de G\u00e9n\u00e9alogie (FFG) et de l&#8217;Union R\u00e9gionale Rh\u00f4ne-alpine de cette F\u00e9d\u00e9ration (CEGRA).<\/li><li>d&#8217;\u00e9tablir un \u00e9change constant avec les autres centres g\u00e9n\u00e9alogiques et de participer aux actions entreprises aux \u00e9chelons locaux, r\u00e9gionaux, nationaux ou internationaux pour d\u00e9velopper et coordonner la recherche g\u00e9n\u00e9alogique.<\/li><li>et d&#8217;une mani\u00e8re g\u00e9n\u00e9rale toutes activit\u00e9s compl\u00e9mentaires ou annexes au pr\u00e9sent objet, pourvu qu&#8217;elles ne mettent pas en cause le but non lucratif de l&#8217;association.<br \/>Les activit\u00e9s de l&#8217;association sont men\u00e9es ind\u00e9pendamment de toute appartenance raciale, id\u00e9ologique ou confessionnelle.<\/li><\/ol><div>Par ailleurs l\u2019Association fait \u00e9galement siennes les r\u00e8gles \u00e9dict\u00e9es par la F\u00e9d\u00e9ration Fran\u00e7aise de G\u00e9n\u00e9alogie dans le code de d\u00e9ontologie du g\u00e9n\u00e9alogiste.<\/div>\t\t\t\t\t<\/div>\n\t\t\t\t\t\t<\/div>\n\t\t\t\t<\/div>\n\t\t\t\t<div class=\"elementor-element elementor-element-b841588 elementor-widget elementor-widget-text-editor\" data-id=\"b841588\" data-element_type=\"widget\" data-widget_type=\"text-editor.default\">\n\t\t\t\t<div class=\"elementor-widget-container\">\n\t\t\t\t\t\t\t\t<div class=\"elementor-text-editor elementor-clearfix\">\n\t\t\t\t<strong>Article 3 &#8211; Si\u00e8ge social<\/strong>\nLe si\u00e8ge social de l&#8217;association est fix\u00e9 au 20 Avenue G\u00e9n\u00e9ral Champon 38000 Grenoble. Il pourra \u00eatre transf\u00e9r\u00e9 par simple d\u00e9cision du Conseil d&#8217;Administration.\t\t\t\t\t<\/div>\n\t\t\t\t\t\t<\/div>\n\t\t\t\t<\/div>\n\t\t\t\t<div class=\"elementor-element elementor-element-75e469b elementor-widget elementor-widget-text-editor\" data-id=\"75e469b\" data-element_type=\"widget\" data-widget_type=\"text-editor.default\">\n\t\t\t\t<div class=\"elementor-widget-container\">\n\t\t\t\t\t\t\t\t<div class=\"elementor-text-editor elementor-clearfix\">\n\t\t\t\t<strong>Article 4 &#8211; Dur\u00e9e<\/strong>\nLa dur\u00e9e de l&#8217;association est illimit\u00e9e.\nElle ne peut \u00eatre dissoute que par d\u00e9cision de l&#8217;Assembl\u00e9e G\u00e9n\u00e9rale Extraordinaire, pr\u00e9vue \u00e0 l&#8217;article 12. \t\t\t\t\t<\/div>\n\t\t\t\t\t\t<\/div>\n\t\t\t\t<\/div>\n\t\t\t\t<div class=\"elementor-element elementor-element-149fd9b elementor-widget elementor-widget-text-editor\" data-id=\"149fd9b\" data-element_type=\"widget\" data-widget_type=\"text-editor.default\">\n\t\t\t\t<div class=\"elementor-widget-container\">\n\t\t\t\t\t\t\t\t<div class=\"elementor-text-editor elementor-clearfix\">\n\t\t\t\t<strong>Article 5 &#8211; Composition<\/strong>\nL&#8217;association se compose de membres adh\u00e9rents qui peuvent \u00eatre :\n<ol>\n \t<li><strong>les membres fondateurs<\/strong> : ceux qui figurent sur la liste d\u00e9pos\u00e9e en Pr\u00e9fecture; ils prennent les m\u00eames engagements que les membres actifs cit\u00e9s ci-apr\u00e8s.<\/li>\n \t<li><strong>des membres actifs<\/strong> qui versent annuellement une cotisation dont le montant est fix\u00e9 par l&#8217;Assembl\u00e9e G\u00e9n\u00e9rale sur proposition du Conseil d&#8217;Administration et r\u00e9visable chaque ann\u00e9e.<\/li>\n \t<li><strong>des membres bienfaiteurs<\/strong> : les personnes qui versent r\u00e9guli\u00e8rement au moins trois fois le montant de la cotisation annuelle de base.<\/li>\n \t<li><strong>des membres d&#8217;honneur<\/strong> : ceux qui ont rendu des services signal\u00e9s \u00e0 l&#8217;association, sur avis de l&#8217;Assembl\u00e9e G\u00e9n\u00e9rale ; ils sont dispens\u00e9s de cotisation.<\/li>\n<\/ol>\t\t\t\t\t<\/div>\n\t\t\t\t\t\t<\/div>\n\t\t\t\t<\/div>\n\t\t\t\t<div class=\"elementor-element elementor-element-3bb31b6 elementor-widget elementor-widget-text-editor\" data-id=\"3bb31b6\" data-element_type=\"widget\" data-widget_type=\"text-editor.default\">\n\t\t\t\t<div class=\"elementor-widget-container\">\n\t\t\t\t\t\t\t\t<div class=\"elementor-text-editor elementor-clearfix\">\n\t\t\t\t<strong>Article 6 &#8211; Admission<\/strong>\nLes demandes d&#8217;admission sont pr\u00e9sent\u00e9es au Conseil d&#8217;Administration qui les enregistre ou les rejette apr\u00e8s examen. Le Conseil d&#8217;Administration n&#8217;est pas tenu d&#8217;expliquer sa d\u00e9cision.\t\t\t\t\t<\/div>\n\t\t\t\t\t\t<\/div>\n\t\t\t\t<\/div>\n\t\t\t\t<div class=\"elementor-element elementor-element-d73e688 elementor-widget elementor-widget-text-editor\" data-id=\"d73e688\" data-element_type=\"widget\" data-widget_type=\"text-editor.default\">\n\t\t\t\t<div class=\"elementor-widget-container\">\n\t\t\t\t\t\t\t\t<div class=\"elementor-text-editor elementor-clearfix\">\n\t\t\t\t<strong>Article 7 &#8211; Radiation<\/strong>\nLa qualit\u00e9 de membre se perd par la d\u00e9mission, le d\u00e9c\u00e8s ou la dissolution dans le cas o\u00f9 ce membre est une personne morale, la radiation prononc\u00e9e par le Conseil d&#8217;Administration pour non-paiement de la cotisation ou pour motif grave contre l&#8217;honneur ou les int\u00e9r\u00eats l\u00e9gitimes de l&#8217;association.\nAinsi, nul ne peut se pr\u00e9valoir de sa qualit\u00e9 de membre de l&#8217;association lors de la publication ou de la diffusion de travaux, sans l&#8217;accord de l&#8217;association, sous peine de radiation et de rectification publique.\t\t\t\t\t<\/div>\n\t\t\t\t\t\t<\/div>\n\t\t\t\t<\/div>\n\t\t\t\t<div class=\"elementor-element elementor-element-f1db56c elementor-widget elementor-widget-text-editor\" data-id=\"f1db56c\" data-element_type=\"widget\" data-widget_type=\"text-editor.default\">\n\t\t\t\t<div class=\"elementor-widget-container\">\n\t\t\t\t\t\t\t\t<div class=\"elementor-text-editor elementor-clearfix\">\n\t\t\t\t<p><strong>Article 8 &#8211; Administration<\/strong><br \/>L&#8217;association est administr\u00e9e par un Conseil de membres \u00e9lus pour trois ans par l&#8217;Assembl\u00e9e G\u00e9n\u00e9rale \u00e0 la majorit\u00e9 des membres pr\u00e9sents et repr\u00e9sent\u00e9s.<br \/>Le Conseil d&#8217;Administration est compos\u00e9 de 4 membres au moins et 16 membres au plus.<br \/>Le Conseil d&#8217;Administration \u00e9lit, parmi ses membres, un bureau compos\u00e9 d&#8217;un pr\u00e9sident, d&#8217;un ou plusieurs vice-pr\u00e9sidents, d&#8217;un secr\u00e9taire, d&#8217;un ou plusieurs secr\u00e9taires adjoints, d&#8217;un tr\u00e9sorier et, s&#8217;il y a lieu, d&#8217;un tr\u00e9sorier adjoint.<br \/>Le Conseil d\u2019Administration peut aussi d\u00e9cider d\u2019instaurer une pr\u00e9sidence coll\u00e9giale de l\u2019association en \u00e9lisant plusieurs administrateurs au poste de pr\u00e9sident. Dans ce cas, il d\u00e9cide de leurs attributions respectives.<br \/>En cas de vacance, le Conseil d&#8217;Administration peut pourvoir provisoirement au remplacement de ses membres parmi les adh\u00e9rents. L&#8217;assembl\u00e9e g\u00e9n\u00e9rale suivante \u00e9lit les membres devant occuper les postes vacants. Les pouvoirs des membres ainsi \u00e9lus prennent fin \u00e0 l&#8217;\u00e9poque o\u00f9 devrait normalement expirer le mandat des membres remplac\u00e9s.<br \/>Ne peut \u00eatre candidat qu&#8217;un adh\u00e9rent \u00e0 l&#8217;association depuis au moins 2 ans, \u00e0 jour de sa cotisation. Ce d\u00e9lai peut toutefois \u00eatre r\u00e9duit sur d\u00e9cision du conseil, prise \u00e0 la majorit\u00e9 des deux tiers des membres pr\u00e9sents et repr\u00e9sent\u00e9s.<br \/>Tout nouveau membre candidat au Conseil d&#8217;Administration doit pr\u00e9senter au bureau, sa candidature \u00e9crite et motiv\u00e9e 10 jours au moins avant l&#8217;Assembl\u00e9e G\u00e9n\u00e9rale.<\/p>\t\t\t\t\t<\/div>\n\t\t\t\t\t\t<\/div>\n\t\t\t\t<\/div>\n\t\t\t\t<div class=\"elementor-element elementor-element-2ea991d elementor-widget elementor-widget-text-editor\" data-id=\"2ea991d\" data-element_type=\"widget\" data-widget_type=\"text-editor.default\">\n\t\t\t\t<div class=\"elementor-widget-container\">\n\t\t\t\t\t\t\t\t<div class=\"elementor-text-editor elementor-clearfix\">\n\t\t\t\t<strong>Article 9 &#8211; Fonctionnement du Conseil d&#8217;Administration<\/strong>\nLe Conseil d&#8217;Administration se r\u00e9unit au moins deux fois dans l&#8217;ann\u00e9e.\nLes proc\u00e8s-verbaux sont sign\u00e9s du pr\u00e9sident et du secr\u00e9taire.\nIl peut \u00eatre proc\u00e9d\u00e9 \u00e0 tout moment \u00e0 des consultations par voie \u00e9lectronique.\nLes d\u00e9cisions sont prises \u00e0 la majorit\u00e9 des voix des membres pr\u00e9sents ou repr\u00e9sent\u00e9s, un membre du Conseil d&#8217;Administration ne pouvant d\u00e9tenir plus d&#8217;un pouvoir. En cas d&#8217;\u00e9galit\u00e9, la voix du pr\u00e9sident est pr\u00e9pond\u00e9rante.\nTout membre du Conseil d&#8217;Administration qui, sans excuse, n&#8217;aura pas r\u00e9pondu par courrier, postal ou \u00e9lectronique, \u00e0 trois convocations cons\u00e9cutives pourra \u00eatre consid\u00e9r\u00e9 comme d\u00e9missionnaire.\nLe Conseil d&#8217;Administration est investi des pouvoirs les plus \u00e9tendus pour g\u00e9rer et administrer l&#8217;association et, dans ce but, peut faire appel \u00e0 des conseillers techniques, adh\u00e9rents ou non \u00e0 l&#8217;association.\t\t\t\t\t<\/div>\n\t\t\t\t\t\t<\/div>\n\t\t\t\t<\/div>\n\t\t\t\t<div class=\"elementor-element elementor-element-18167b9 elementor-widget elementor-widget-text-editor\" data-id=\"18167b9\" data-element_type=\"widget\" data-widget_type=\"text-editor.default\">\n\t\t\t\t<div class=\"elementor-widget-container\">\n\t\t\t\t\t\t\t\t<div class=\"elementor-text-editor elementor-clearfix\">\n\t\t\t\t<p><strong>Article 10 &#8211; Assembl\u00e9e G\u00e9n\u00e9rale Ordinaire<\/strong><br \/>L&#8217;Assembl\u00e9e G\u00e9n\u00e9rale Ordinaire est convoqu\u00e9e par le pr\u00e9sident ou son repr\u00e9sentant.<br \/>Elle comprend tous les membres fondateurs, actifs et bienfaiteurs de l&#8217;association \u00e0 jour de cotisation.<br \/>Les membres d&#8217;honneur peuvent participer \u00e0 l&#8217;Assembl\u00e9e G\u00e9n\u00e9rale Ordinaire s&#8217;ils payent une cotisation.<br \/>Elle est convoqu\u00e9e au moins une fois par an par le pr\u00e9sident ou son repr\u00e9sentant.<br \/>Quinze jours avant la date fix\u00e9e par le Conseil d&#8217;Administration, les membres de l&#8217;association sont convoqu\u00e9s individuellement par courrier \u00e9lectronique (pour les personnes ayant communiqu\u00e9 leur adresse \u00e9lectronique) ou par courrier postal.<\/p><p>Le Conseil d\u2019Administration a la possibilit\u00e9 d\u2019organiser une assembl\u00e9e g\u00e9n\u00e9rale \u00e0 distance ou par correspondance. Dans ce cas, les modalit\u00e9s de participation et de vote ainsi que le support utilis\u00e9 le cas \u00e9ch\u00e9ant, seront pr\u00e9cis\u00e9s sur la convocation envoy\u00e9e \u00e0 chaque membre.La convocation figure aussi sur le site Internet de l&#8217;association.<br \/>L&#8217;ordre du jour fix\u00e9 par le Conseil d&#8217;Administration est indiqu\u00e9 sur les convocations.<br \/>Un membre participant \u00e0 l&#8217;Assembl\u00e9e G\u00e9n\u00e9rale ne peut pas d\u00e9tenir plus de 5 pouvoirs. Ne sont pris en consid\u00e9ration que les pouvoirs \u00e9mis par \u00e9crit ou par voie \u00e9lectronique par les adh\u00e9rents \u00e0 jour de leur cotisation.<br \/>Le pr\u00e9sident, assist\u00e9 des membres du Conseil d&#8217;Administration, pr\u00e9side l&#8217;Assembl\u00e9e et pr\u00e9sente le rapport moral de l&#8217;association. En cas d&#8217;absence ou d&#8217;emp\u00eachement, il est remplac\u00e9 par un des vice-pr\u00e9sidents.<br \/>Le tr\u00e9sorier rend compte de sa gestion et soumet le compte d&#8217;exploitation et le bilan de l&#8217;association \u00e0 l&#8217;approbation de l&#8217;Assembl\u00e9e.<br \/>L&#8217;Assembl\u00e9e approuve les comptes et d\u00e9lib\u00e8re sur toutes les questions port\u00e9es \u00e0 son ordre du jour par le Conseil d&#8217;Administration.<br \/>Toutes les d\u00e9lib\u00e9rations de l&#8217;Assembl\u00e9e G\u00e9n\u00e9rale Ordinaire sont prises \u00e0 la majorit\u00e9 absolue des membres votants pr\u00e9sents ou repr\u00e9sent\u00e9s.<\/p>\t\t\t\t\t<\/div>\n\t\t\t\t\t\t<\/div>\n\t\t\t\t<\/div>\n\t\t\t\t<div class=\"elementor-element elementor-element-402ce48 elementor-widget elementor-widget-text-editor\" data-id=\"402ce48\" data-element_type=\"widget\" data-widget_type=\"text-editor.default\">\n\t\t\t\t<div class=\"elementor-widget-container\">\n\t\t\t\t\t\t\t\t<div class=\"elementor-text-editor elementor-clearfix\">\n\t\t\t\t<strong>Article 11 &#8211; Assembl\u00e9e G\u00e9n\u00e9rale Extraordinaire<\/strong>\nSi besoin est, ou sur demande du tiers plus un des membres poss\u00e9dant le droit de vote conform\u00e9ment \u00e0 l&#8217;article 10, le Pr\u00e9sident convoque une Assembl\u00e9e G\u00e9n\u00e9rale Extraordinaire.\nElle est compos\u00e9e et convoqu\u00e9e de la m\u00eame mani\u00e8re, et d\u00e9lib\u00e8re \u00e0 la m\u00eame majorit\u00e9 que l&#8217;Assembl\u00e9e G\u00e9n\u00e9rale Ordinaire, except\u00e9 pour la dissolution de l&#8217;association.\nElle est comp\u00e9tente pour toutes les modifications de statuts, lesquelles doivent pr\u00e9alablement \u00eatre approuv\u00e9es par le Conseil d&#8217;Administration.\t\t\t\t\t<\/div>\n\t\t\t\t\t\t<\/div>\n\t\t\t\t<\/div>\n\t\t\t\t<div class=\"elementor-element elementor-element-1087ac9 elementor-widget elementor-widget-text-editor\" data-id=\"1087ac9\" data-element_type=\"widget\" data-widget_type=\"text-editor.default\">\n\t\t\t\t<div class=\"elementor-widget-container\">\n\t\t\t\t\t\t\t\t<div class=\"elementor-text-editor elementor-clearfix\">\n\t\t\t\t<strong>Article 12 &#8211; Dissolution<\/strong>\nEn cas de dissolution volontaire ou forc\u00e9e, l&#8217;Assembl\u00e9e G\u00e9n\u00e9rale Extraordinaire statue \u00e0 la majorit\u00e9 des deux tiers des membres pr\u00e9sents ou repr\u00e9sent\u00e9s et d\u00e9lib\u00e8re sur la d\u00e9volution du patrimoine de l&#8217;association, en conformit\u00e9 avec la loi du 1er Juillet 1901.\t\t\t\t\t<\/div>\n\t\t\t\t\t\t<\/div>\n\t\t\t\t<\/div>\n\t\t\t\t<div class=\"elementor-element elementor-element-0f2bb5c elementor-widget elementor-widget-text-editor\" data-id=\"0f2bb5c\" data-element_type=\"widget\" data-widget_type=\"text-editor.default\">\n\t\t\t\t<div class=\"elementor-widget-container\">\n\t\t\t\t\t\t\t\t<div class=\"elementor-text-editor elementor-clearfix\">\n\t\t\t\t<p><strong>Article 13 &#8211; Protection des travaux et bases de donn\u00e9es de l&#8217;Association<\/strong><br \/>L&#8217;Association se r\u00e9serve la propri\u00e9t\u00e9 du r\u00e9sultat des travaux entrepris sous son \u00e9gide, et notamment celle des bases de donn\u00e9es \u00e9lectroniques r\u00e9alis\u00e9es \u00e0 son initiative et sous sa direction, lesquelles b\u00e9n\u00e9ficient de la protection du droit d&#8217;auteur et de la protection sp\u00e9cifique des bases de donn\u00e9es.<br \/>Le conseil d\u2019administration de l\u2019Association conserve cependant toute latitude de fixer librement les conditions de consultation de tout ou partie de ces donn\u00e9es par le public non membre de l\u2019association, conform\u00e9ment aux objectifs de partage le plus large possible des travaux men\u00e9s sous l\u2019\u00e9gide de l\u2019Association. Dans tous les cas, la r\u00e9utilisation \u00e9ventuelle de tout ou partie de ces travaux dans un but autre que personnel ou d\u2019entraide individuelle raisonn\u00e9e et sans but lucratif entre g\u00e9n\u00e9alogistes, reste toutefois interdite, sauf autorisation expresse d\u00e9livr\u00e9e par le conseil d\u2019administration de l\u2019Association qui devra pr\u00e9alablement la faire valider par les membres de l\u2019Association r\u00e9unis en assembl\u00e9e g\u00e9n\u00e9rale ordinaire.<br \/>Le pr\u00e9sident, ou son repr\u00e9sentant, sur d\u00e9cision du Conseil d&#8217;Administration, peut \u00eatre mandat\u00e9 pour engager, par toutes voies de droit, au nom de l&#8217;Association, une action contentieuse contre toute personne, physique ou morale, utilisant ou ayant utilis\u00e9 frauduleusement ou abusivement ces travaux et bases de donn\u00e9es.<\/p>\t\t\t\t\t<\/div>\n\t\t\t\t\t\t<\/div>\n\t\t\t\t<\/div>\n\t\t\t\t<div class=\"elementor-element elementor-element-c95c27d elementor-widget elementor-widget-text-editor\" data-id=\"c95c27d\" data-element_type=\"widget\" data-widget_type=\"text-editor.default\">\n\t\t\t\t<div class=\"elementor-widget-container\">\n\t\t\t\t\t\t\t\t<div class=\"elementor-text-editor elementor-clearfix\">\n\t\t\t\t<strong>Article 14 &#8211; R\u00e8glement int\u00e9rieur<\/strong>\nUn r\u00e8glement int\u00e9rieur peut \u00eatre \u00e9tabli par le Conseil d&#8217;Administration.\nCe r\u00e8glement d\u00e9termine les conditions de d\u00e9tail n\u00e9cessaires \u00e0 l&#8217;ex\u00e9cution des statuts et \u00e0 la bonne marche de l&#8217;Association.\nIl peut \u00eatre modifi\u00e9 en Assembl\u00e9e G\u00e9n\u00e9rale Ordinaire.\nCe r\u00e8glement \u00e9ventuel est destin\u00e9 \u00e0 fixer les divers points non pr\u00e9vus par les statuts.\t\t\t\t\t<\/div>\n\t\t\t\t\t\t<\/div>\n\t\t\t\t<\/div>\n\t\t\t\t<div class=\"elementor-element elementor-element-1818a9e elementor-widget elementor-widget-text-editor\" data-id=\"1818a9e\" data-element_type=\"widget\" data-widget_type=\"text-editor.default\">\n\t\t\t\t<div class=\"elementor-widget-container\">\n\t\t\t\t\t\t\t\t<div class=\"elementor-text-editor elementor-clearfix\">\n\t\t\t\t<p style=\"text-align: right;\"><em>26 mars 2022<\/em><\/p>\t\t\t\t\t<\/div>\n\t\t\t\t\t\t<\/div>\n\t\t\t\t<\/div>\n\t\t\t\t<div class=\"elementor-element elementor-element-d126952 elementor-align-left elementor-widget elementor-widget-button\" data-id=\"d126952\" data-element_type=\"widget\" data-widget_type=\"button.default\">\n\t\t\t\t<div class=\"elementor-widget-container\">\n\t\t\t\t\t<div class=\"elementor-button-wrapper\">\n\t\t\t<a href=\"https:\/\/cgdauphine.fr\/wp-cgd\/wp-content\/uploads\/2018\/08\/statuts_du_CGD_20220326.pdf\" class=\"elementor-button-link elementor-button elementor-size-xs\" role=\"button\">\n\t\t\t\t\t\t<span class=\"elementor-button-content-wrapper\">\n\t\t\t\t\t\t\t<span class=\"elementor-button-icon elementor-align-icon-left\">\n\t\t\t\t<i aria-hidden=\"true\" class=\"far fa-file-pdf\"><\/i>\t\t\t<\/span>\n\t\t\t\t\t\t<span class=\"elementor-button-text\">T\u00e9l\u00e9charger les statuts<\/span>\n\t\t<\/span>\n\t\t\t\t\t<\/a>\n\t\t<\/div>\n\t\t\t\t<\/div>\n\t\t\t\t<\/div>\n\t\t\t\t\t\t<\/div>\n\t\t\t\t\t<\/div>\n\t\t<\/div>\n\t\t\t\t\t\t\t\t<\/div>\n\t\t\t\t\t<\/div>\n\t\t<\/section>\n\t\t\t\t\t\t\t\t\t<\/div>\n\t\t\t<\/div>\n\t\t\t\t\t<\/div>\n\t\t","protected":false},"excerpt":{"rendered":"<p>Article 1 &#8211; D\u00e9nomination Entre les adh\u00e9rents aux pr\u00e9sents statuts, il est fond\u00e9 une association r\u00e9gie par la loi du 1er juillet 1901 et le d\u00e9cret du 16 ao\u00fbt 1901, ayant pour titre : Centre G\u00e9alogique du Dauphin\u00e9 Article 2 &#8211; ObjetL&#8217;association ainsi cr\u00e9\u00e9e a pour finalit\u00e9 d\u2019\u0153uvrer aupr\u00e8s du plus large public possible au d\u00e9veloppement et \u00e0 l\u2019organisation de [&hellip;]<\/p>\n","protected":false},"author":1,"featured_media":0,"parent":37,"menu_order":0,"comment_status":"closed","ping_status":"closed","template":"tpl-full-width.php","meta":[],"_links":{"self":[{"href":"https:\/\/cgdauphine.fr\/wp-cgd\/wp-json\/wp\/v2\/pages\/23111"}],"collection":[{"href":"https:\/\/cgdauphine.fr\/wp-cgd\/wp-json\/wp\/v2\/pages"}],"about":[{"href":"https:\/\/cgdauphine.fr\/wp-cgd\/wp-json\/wp\/v2\/types\/page"}],"author":[{"embeddable":true,"href":"https:\/\/cgdauphine.fr\/wp-cgd\/wp-json\/wp\/v2\/users\/1"}],"replies":[{"embeddable":true,"href":"https:\/\/cgdauphine.fr\/wp-cgd\/wp-json\/wp\/v2\/comments?post=23111"}],"version-history":[{"count":7,"href":"https:\/\/cgdauphine.fr\/wp-cgd\/wp-json\/wp\/v2\/pages\/23111\/revisions"}],"predecessor-version":[{"id":23119,"href":"https:\/\/cgdauphine.fr\/wp-cgd\/wp-json\/wp\/v2\/pages\/23111\/revisions\/23119"}],"up":[{"embeddable":true,"href":"https:\/\/cgdauphine.fr\/wp-cgd\/wp-json\/wp\/v2\/pages\/37"}],"wp:attachment":[{"href":"https:\/\/cgdauphine.fr\/wp-cgd\/wp-json\/wp\/v2\/media?parent=23111"}],"curies":[{"name":"wp","href":"https:\/\/api.w.org\/{rel}","templated":true}]}}